{"id":320,"date":"2017-11-09T18:06:50","date_gmt":"2017-11-09T18:06:50","guid":{"rendered":"https:\/\/www.loladomenech.com\/estudio\/collaborators\/"},"modified":"2026-08-02T07:20:50","modified_gmt":"2026-08-02T07:20:50","slug":"colaboradores","status":"publish","type":"page","link":"https:\/\/lola.vueloiv.com\/es\/estudio\/colaboradores\/","title":{"rendered":"colaboradores"},"content":{"rendered":"<h2 class=\"is-style-page-title is-style-page-title--1 wp-block-post-title\">colaboradores<\/h2>\n\n\n<p class=\"wp-block-paragraph\"><strong>arquitectos\/dise\u00f1adores<\/strong> <mark style=\"background-color:rgba(0, 0, 0, 0)\" class=\"has-inline-color has-primary-color\">flavia cordeiro, max von hildebrand, xabier etxezarreta, mikel comas<\/mark>, lucas dutra mart\u00edn luengo, pablo hita, eduard llargu\u00e9s, xavier valls, helena arnaste, miquel ca\u00f1ellas, giulia sorcioni, roberta quaranta, mayte perez, alex ortiz, alex flores, ver\u00f3nica moreno, ana roque, oscar engroba, anna prats, anna villegas, marta vicente, alejandro baham\u00f3n, fabi\u00e1n medina, juan ram\u00f3n pi\u00f1ol, guillermo bucella, ignacio garc\u00eda, miguel ribas, markus piel, jason portell, emily rivers, paz gassol, juliette boulard, patricia hermosilla, vasiliki arampatzaki, carolina alonso, carme carca\u00f1o, mariona llenas, karla fern\u00e1ndez <strong>arquitectos t\u00e9cnicos<\/strong> gespromat, joan march modest mor, ignasi forteza, julian rios, pedro carretero, juan ram\u00f3n soldevila, antonio calvo, raquel s\u00e1nchez, josep maria codiachs <strong>estructuras<\/strong> blazquez-guanter (bg arquitectes), manel fernandez (bernuz-fernandez arqts), carles jaen (best conssultors d&#8217;estructuras), ignasi ribas (eel&#8217;a estructures en l&#8217;arquitectura s.l.), robert brufau (boma) <strong>ingenier\u00edas<\/strong> aia instal.lacions, ayesa enginyeria, e-civil, avant consultors, urbanoyde <strong>ingenieros t\u00e9cnicos agr\u00f3nomos<\/strong> anna terricabras, roser vives, teresa gal\u00ed, xavier candela <strong>topograf\u00eda<\/strong> Geo3 s.a. <strong>fot\u00f3grafos<\/strong> jordi bernad\u00f3, adri\u00e0 goula <strong>dise\u00f1o web<\/strong> vueloIV.com<\/p>\n","protected":false},"excerpt":{"rendered":"<p>arquitectos\/dise\u00f1adores flavia cordeiro, max von hildebrand, xabier etxezarreta, mikel comas, lucas dutra mart\u00edn luengo, pablo hita, eduard llargu\u00e9s, xavier valls, helena arnaste, miquel ca\u00f1ellas, giulia sorcioni, roberta quaranta, mayte perez, alex ortiz, alex flores, ver\u00f3nica moreno, ana roque, oscar engroba, anna prats, anna villegas, marta vicente, alejandro baham\u00f3n, fabi\u00e1n medina, juan ram\u00f3n pi\u00f1ol, guillermo bucella, [&hellip;]<\/p>\n","protected":false},"author":1,"featured_media":0,"parent":309,"menu_order":4,"comment_status":"closed","ping_status":"closed","template":"","meta":{"_acf_changed":false,"footnotes":""},"class_list":["post-320","page","type-page","status-publish","hentry"],"acf":[],"yoast_head":"<!-- This site is optimized with the Yoast SEO plugin v28.3 - https:\/\/yoast.com\/product\/yoast-seo-wordpress\/ -->\n<title>colaboradores - Lola Dom\u00e8nech architect<\/title>\n<meta name=\"robots\" content=\"noindex, follow, max-snippet:-1, max-image-preview:large, max-video-preview:-1\" \/>\n<meta property=\"og:locale\" content=\"es_ES\" \/>\n<meta property=\"og:type\" content=\"article\" \/>\n<meta property=\"og:title\" content=\"colaboradores - Lola Dom\u00e8nech architect\" \/>\n<meta property=\"og:description\" content=\"arquitectos\/dise\u00f1adores flavia cordeiro, max von hildebrand, xabier etxezarreta, mikel comas, lucas dutra mart\u00edn luengo, pablo hita, eduard llargu\u00e9s, xavier valls, helena arnaste, miquel ca\u00f1ellas, giulia sorcioni, roberta quaranta, mayte perez, alex ortiz, alex flores, ver\u00f3nica moreno, ana roque, oscar engroba, anna prats, anna villegas, marta vicente, alejandro baham\u00f3n, fabi\u00e1n medina, juan ram\u00f3n pi\u00f1ol, guillermo bucella, [&hellip;]\" \/>\n<meta property=\"og:url\" content=\"https:\/\/lola.vueloiv.com\/en\/studio\/collaborators\/\" \/>\n<meta property=\"og:site_name\" content=\"Lola Dom\u00e8nech architect\" \/>\n<meta property=\"article:modified_time\" content=\"2026-08-02T07:20:50+00:00\" \/>\n<meta name=\"twitter:card\" content=\"summary_large_image\" \/>\n<meta name=\"twitter:label1\" content=\"Tiempo de lectura\" \/>\n\t<meta name=\"twitter:data1\" content=\"1 minuto\" \/>\n<script type=\"application\/ld+json\" class=\"yoast-schema-graph\">{\"@context\":\"https:\\\/\\\/schema.org\",\"@graph\":[{\"@type\":\"WebPage\",\"@id\":\"https:\\\/\\\/lola.vueloiv.com\\\/en\\\/studio\\\/collaborators\\\/\",\"url\":\"https:\\\/\\\/lola.vueloiv.com\\\/en\\\/studio\\\/collaborators\\\/\",\"name\":\"colaboradores - Lola Dom\u00e8nech architect\",\"isPartOf\":{\"@id\":\"https:\\\/\\\/lola.vueloiv.com\\\/en\\\/#website\"},\"datePublished\":\"2017-11-09T18:06:50+00:00\",\"dateModified\":\"2026-08-02T07:20:50+00:00\",\"breadcrumb\":{\"@id\":\"https:\\\/\\\/lola.vueloiv.com\\\/en\\\/studio\\\/collaborators\\\/#breadcrumb\"},\"inLanguage\":\"es\",\"potentialAction\":[{\"@type\":\"ReadAction\",\"target\":[\"https:\\\/\\\/lola.vueloiv.com\\\/en\\\/studio\\\/collaborators\\\/\"]}]},{\"@type\":\"BreadcrumbList\",\"@id\":\"https:\\\/\\\/lola.vueloiv.com\\\/en\\\/studio\\\/collaborators\\\/#breadcrumb\",\"itemListElement\":[{\"@type\":\"ListItem\",\"position\":1,\"name\":\"Home\",\"item\":\"https:\\\/\\\/lola.vueloiv.com\\\/es\\\/\"},{\"@type\":\"ListItem\",\"position\":2,\"name\":\"estudio\",\"item\":\"https:\\\/\\\/lola.vueloiv.com\\\/en\\\/studio\\\/\"},{\"@type\":\"ListItem\",\"position\":3,\"name\":\"colaboradores\"}]},{\"@type\":\"WebSite\",\"@id\":\"https:\\\/\\\/lola.vueloiv.com\\\/en\\\/#website\",\"url\":\"https:\\\/\\\/lola.vueloiv.com\\\/en\\\/\",\"name\":\"Lola Dom\u00e8nech architect\",\"description\":\"\",\"publisher\":{\"@id\":\"https:\\\/\\\/lola.vueloiv.com\\\/en\\\/#organization\"},\"potentialAction\":[{\"@type\":\"SearchAction\",\"target\":{\"@type\":\"EntryPoint\",\"urlTemplate\":\"https:\\\/\\\/lola.vueloiv.com\\\/en\\\/?s={search_term_string}\"},\"query-input\":{\"@type\":\"PropertyValueSpecification\",\"valueRequired\":true,\"valueName\":\"search_term_string\"}}],\"inLanguage\":\"es\"},{\"@type\":\"Organization\",\"@id\":\"https:\\\/\\\/lola.vueloiv.com\\\/en\\\/#organization\",\"name\":\"Lola Dom\u00e8nech architect\",\"url\":\"https:\\\/\\\/lola.vueloiv.com\\\/en\\\/\",\"logo\":{\"@type\":\"ImageObject\",\"inLanguage\":\"es\",\"@id\":\"https:\\\/\\\/lola.vueloiv.com\\\/en\\\/#\\\/schema\\\/logo\\\/image\\\/\",\"url\":\"https:\\\/\\\/lola.vueloiv.com\\\/wp-content\\\/uploads\\\/2026\\\/08\\\/favicon.png\",\"contentUrl\":\"https:\\\/\\\/lola.vueloiv.com\\\/wp-content\\\/uploads\\\/2026\\\/08\\\/favicon.png\",\"width\":558,\"height\":512,\"caption\":\"Lola Dom\u00e8nech architect\"},\"image\":{\"@id\":\"https:\\\/\\\/lola.vueloiv.com\\\/en\\\/#\\\/schema\\\/logo\\\/image\\\/\"}}]}<\/script>\n<!-- \/ Yoast SEO plugin. -->","yoast_head_json":{"title":"colaboradores - Lola Dom\u00e8nech architect","robots":{"index":"noindex","follow":"follow","max-snippet":"max-snippet:-1","max-image-preview":"max-image-preview:large","max-video-preview":"max-video-preview:-1"},"og_locale":"es_ES","og_type":"article","og_title":"colaboradores - Lola Dom\u00e8nech architect","og_description":"arquitectos\/dise\u00f1adores flavia cordeiro, max von hildebrand, xabier etxezarreta, mikel comas, lucas dutra mart\u00edn luengo, pablo hita, eduard llargu\u00e9s, xavier valls, helena arnaste, miquel ca\u00f1ellas, giulia sorcioni, roberta quaranta, mayte perez, alex ortiz, alex flores, ver\u00f3nica moreno, ana roque, oscar engroba, anna prats, anna villegas, marta vicente, alejandro baham\u00f3n, fabi\u00e1n medina, juan ram\u00f3n pi\u00f1ol, guillermo bucella, [&hellip;]","og_url":"https:\/\/lola.vueloiv.com\/en\/studio\/collaborators\/","og_site_name":"Lola Dom\u00e8nech architect","article_modified_time":"2026-08-02T07:20:50+00:00","twitter_card":"summary_large_image","twitter_misc":{"Tiempo de lectura":"1 minuto"},"schema":{"@context":"https:\/\/schema.org","@graph":[{"@type":"WebPage","@id":"https:\/\/lola.vueloiv.com\/en\/studio\/collaborators\/","url":"https:\/\/lola.vueloiv.com\/en\/studio\/collaborators\/","name":"colaboradores - Lola Dom\u00e8nech architect","isPartOf":{"@id":"https:\/\/lola.vueloiv.com\/en\/#website"},"datePublished":"2017-11-09T18:06:50+00:00","dateModified":"2026-08-02T07:20:50+00:00","breadcrumb":{"@id":"https:\/\/lola.vueloiv.com\/en\/studio\/collaborators\/#breadcrumb"},"inLanguage":"es","potentialAction":[{"@type":"ReadAction","target":["https:\/\/lola.vueloiv.com\/en\/studio\/collaborators\/"]}]},{"@type":"BreadcrumbList","@id":"https:\/\/lola.vueloiv.com\/en\/studio\/collaborators\/#breadcrumb","itemListElement":[{"@type":"ListItem","position":1,"name":"Home","item":"https:\/\/lola.vueloiv.com\/es\/"},{"@type":"ListItem","position":2,"name":"estudio","item":"https:\/\/lola.vueloiv.com\/en\/studio\/"},{"@type":"ListItem","position":3,"name":"colaboradores"}]},{"@type":"WebSite","@id":"https:\/\/lola.vueloiv.com\/en\/#website","url":"https:\/\/lola.vueloiv.com\/en\/","name":"Lola Dom\u00e8nech architect","description":"","publisher":{"@id":"https:\/\/lola.vueloiv.com\/en\/#organization"},"potentialAction":[{"@type":"SearchAction","target":{"@type":"EntryPoint","urlTemplate":"https:\/\/lola.vueloiv.com\/en\/?s={search_term_string}"},"query-input":{"@type":"PropertyValueSpecification","valueRequired":true,"valueName":"search_term_string"}}],"inLanguage":"es"},{"@type":"Organization","@id":"https:\/\/lola.vueloiv.com\/en\/#organization","name":"Lola Dom\u00e8nech architect","url":"https:\/\/lola.vueloiv.com\/en\/","logo":{"@type":"ImageObject","inLanguage":"es","@id":"https:\/\/lola.vueloiv.com\/en\/#\/schema\/logo\/image\/","url":"https:\/\/lola.vueloiv.com\/wp-content\/uploads\/2026\/08\/favicon.png","contentUrl":"https:\/\/lola.vueloiv.com\/wp-content\/uploads\/2026\/08\/favicon.png","width":558,"height":512,"caption":"Lola Dom\u00e8nech architect"},"image":{"@id":"https:\/\/lola.vueloiv.com\/en\/#\/schema\/logo\/image\/"}}]}},"_links":{"self":[{"href":"https:\/\/lola.vueloiv.com\/es\/wp-json\/wp\/v2\/pages\/320","targetHints":{"allow":["GET"]}}],"collection":[{"href":"https:\/\/lola.vueloiv.com\/es\/wp-json\/wp\/v2\/pages"}],"about":[{"href":"https:\/\/lola.vueloiv.com\/es\/wp-json\/wp\/v2\/types\/page"}],"author":[{"embeddable":true,"href":"https:\/\/lola.vueloiv.com\/es\/wp-json\/wp\/v2\/users\/1"}],"replies":[{"embeddable":true,"href":"https:\/\/lola.vueloiv.com\/es\/wp-json\/wp\/v2\/comments?post=320"}],"version-history":[{"count":3,"href":"https:\/\/lola.vueloiv.com\/es\/wp-json\/wp\/v2\/pages\/320\/revisions"}],"predecessor-version":[{"id":7161,"href":"https:\/\/lola.vueloiv.com\/es\/wp-json\/wp\/v2\/pages\/320\/revisions\/7161"}],"up":[{"embeddable":true,"href":"https:\/\/lola.vueloiv.com\/es\/wp-json\/wp\/v2\/pages\/309"}],"wp:attachment":[{"href":"https:\/\/lola.vueloiv.com\/es\/wp-json\/wp\/v2\/media?parent=320"}],"curies":[{"name":"wp","href":"https:\/\/api.w.org\/{rel}","templated":true}]}}