{"id":287,"date":"2017-11-10T12:01:21","date_gmt":"2017-11-10T12:01:21","guid":{"rendered":"https:\/\/www.loladomenech.com\/news\/"},"modified":"2026-08-28T07:44:03","modified_gmt":"2026-08-28T07:44:03","slug":"news","status":"publish","type":"page","link":"https:\/\/lola.vueloiv.com\/es\/news\/","title":{"rendered":"not\u00edcias"},"content":{"rendered":"<h2 class=\"is-style-page-title is-style-page-title--1 wp-block-post-title\">not\u00edcias<\/h2>\n\n\n<div class=\"wp-block-columns is-layout-flex wp-container-core-columns-is-layout-21452174 wp-block-columns-is-layout-flex\">\n<div class=\"wp-block-column is-layout-flow wp-block-column-is-layout-flow\" style=\"flex-basis:334px\"><\/div>\n\n\n\n<div class=\"wp-block-column is-layout-flow wp-block-column-is-layout-flow\">\n<div class=\"wp-block-query has-global-padding is-layout-constrained wp-block-query-is-layout-constrained\"><ul class=\"wp-block-post-template is-layout-flow wp-container-core-post-template-is-layout-65f64163 wp-block-post-template-is-layout-flow\"><li class=\"wp-block-post post-6517 post type-post status-publish format-standard has-post-thumbnail hentry category-noticias\">\n\n<div class=\"wp-block-group is-nowrap is-layout-flex wp-container-core-group-is-layout-7d734f3b wp-block-group-is-layout-flex\" style=\"padding-top:0;padding-bottom:0\"><figure class=\"wp-block-post-featured-image wp-container-content-edf58e87 wp-states-73caa80d\"><a href=\"https:\/\/lola.vueloiv.com\/es\/lola-domenech-miembro-del-jurado-de-los-premios-fad-2026\/\" target=\"_self\" ><img loading=\"lazy\" decoding=\"async\" width=\"600\" height=\"789\" src=\"https:\/\/lola.vueloiv.com\/wp-content\/uploads\/IMG_7529-e1782125190819.jpg\" class=\"attachment-full size-full wp-post-image\" alt=\"Lola Dom\u00e8nech miembro del jurado de los Premios FAD 2026\" style=\"aspect-ratio:3\/2;width:100%;height:222px;width:334px;object-fit:cover;\" srcset=\"https:\/\/lola.vueloiv.com\/wp-content\/uploads\/IMG_7529-e1782125190819.jpg 600w, https:\/\/lola.vueloiv.com\/wp-content\/uploads\/IMG_7529-e1782125190819-228x300.jpg 228w, https:\/\/lola.vueloiv.com\/wp-content\/uploads\/IMG_7529-e1782125190819-114x150.jpg 114w\" sizes=\"auto, (max-width: 600px) 100vw, 600px\" \/><\/a><\/figure>\n\n\n<div class=\"wp-block-group is-vertical is-layout-flex wp-container-core-group-is-layout-3505d962 wp-block-group-is-layout-flex\" style=\"min-height:6px;margin-top:0;margin-bottom:0;padding-top:0;padding-right:0;padding-bottom:0;padding-left:0\"><h2 style=\"font-size:clamp(14px, 0.875rem + ((1vw - 3.2px) * 0.078), 15px);line-height:1.6\" class=\"has-link-color wp-elements-1 wp-block-post-title has-text-color has-foreground-color\"><a href=\"https:\/\/lola.vueloiv.com\/es\/lola-domenech-miembro-del-jurado-de-los-premios-fad-2026\/\" target=\"_self\" >Lola Dom\u00e8nech miembro del jurado de los Premios FAD 2026<\/a><\/h2>\n\n<div class=\"has-link-color wp-elements-2 wp-block-post-excerpt has-text-color has-dark-gray-color\"><p class=\"wp-block-post-excerpt__excerpt\">Lola Dom\u00e8nech participa como miembro del jurado de los Premios FAD de Arquitectura e Interiorismo 2026 junto con Margarita Jover, Aleix Alexandre, Javier Jim\u00e9nez,&hellip; <\/p><\/div><\/div>\n<\/div>\n\n<\/li><li class=\"wp-block-post post-5872 post type-post status-publish format-standard has-post-thumbnail hentry category-noticias\">\n\n<div class=\"wp-block-group is-nowrap is-layout-flex wp-container-core-group-is-layout-7d734f3b wp-block-group-is-layout-flex\" style=\"padding-top:0;padding-bottom:0\"><figure class=\"wp-block-post-featured-image wp-container-content-edf58e87 wp-states-73caa80d\"><a href=\"https:\/\/lola.vueloiv.com\/es\/simposio-paisaje-urbano-y-barcelona-como-capital-mundial-de-la-arquitectura-de-simon\/\" target=\"_self\" ><img loading=\"lazy\" decoding=\"async\" width=\"2320\" height=\"1160\" src=\"https:\/\/lola.vueloiv.com\/wp-content\/uploads\/05-1.png\" class=\"attachment-full size-full wp-post-image\" alt=\"Simposio \u00abPaisaje Urbano y Barcelona como Capital Mundial de la Arquitectura\u00bb de SIMON\" style=\"aspect-ratio:3\/2;width:100%;height:222px;width:334px;object-fit:cover;\" srcset=\"https:\/\/lola.vueloiv.com\/wp-content\/uploads\/05-1.png 2320w, https:\/\/lola.vueloiv.com\/wp-content\/uploads\/05-1-300x150.png 300w, https:\/\/lola.vueloiv.com\/wp-content\/uploads\/05-1-1124x562.png 1124w, https:\/\/lola.vueloiv.com\/wp-content\/uploads\/05-1-150x75.png 150w, https:\/\/lola.vueloiv.com\/wp-content\/uploads\/05-1-768x384.png 768w, https:\/\/lola.vueloiv.com\/wp-content\/uploads\/05-1-1536x768.png 1536w, https:\/\/lola.vueloiv.com\/wp-content\/uploads\/05-1-2048x1024.png 2048w\" sizes=\"auto, (max-width: 2320px) 100vw, 2320px\" \/><\/a><\/figure>\n\n\n<div class=\"wp-block-group is-vertical is-layout-flex wp-container-core-group-is-layout-3505d962 wp-block-group-is-layout-flex\" style=\"min-height:6px;margin-top:0;margin-bottom:0;padding-top:0;padding-right:0;padding-bottom:0;padding-left:0\"><h2 style=\"font-size:clamp(14px, 0.875rem + ((1vw - 3.2px) * 0.078), 15px);line-height:1.6\" class=\"has-link-color wp-elements-3 wp-block-post-title has-text-color has-foreground-color\"><a href=\"https:\/\/lola.vueloiv.com\/es\/simposio-paisaje-urbano-y-barcelona-como-capital-mundial-de-la-arquitectura-de-simon\/\" target=\"_self\" >Simposio \u00abPaisaje Urbano y Barcelona como Capital Mundial de la Arquitectura\u00bb de SIMON<\/a><\/h2>\n\n<div class=\"has-link-color wp-elements-4 wp-block-post-excerpt has-text-color has-dark-gray-color\"><p class=\"wp-block-post-excerpt__excerpt\">El pasado 26 de septiembre, SIMON electric organiz\u00f3 el 3r Simposio \u00abPaisaje Urbano y Barcelona como Capital Mundial de la Arquitectura\u00bb e invit\u00f3 a&hellip; <\/p><\/div><\/div>\n<\/div>\n\n<\/li><li class=\"wp-block-post post-5821 post type-post status-publish format-standard has-post-thumbnail hentry category-noticias\">\n\n<div class=\"wp-block-group is-nowrap is-layout-flex wp-container-core-group-is-layout-7d734f3b wp-block-group-is-layout-flex\" style=\"padding-top:0;padding-bottom:0\"><figure class=\"wp-block-post-featured-image wp-container-content-edf58e87 wp-states-73caa80d\"><a href=\"https:\/\/lola.vueloiv.com\/es\/la-nueva-vieja-rambla\/\" target=\"_self\" ><img loading=\"lazy\" decoding=\"async\" width=\"2320\" height=\"1160\" src=\"https:\/\/lola.vueloiv.com\/wp-content\/uploads\/RAMBLA_COLON.png\" class=\"attachment-full size-full wp-post-image\" alt=\"La Nueva Vieja Rambla\" style=\"aspect-ratio:3\/2;width:100%;height:222px;width:334px;object-fit:cover;\" srcset=\"https:\/\/lola.vueloiv.com\/wp-content\/uploads\/RAMBLA_COLON.png 2320w, https:\/\/lola.vueloiv.com\/wp-content\/uploads\/RAMBLA_COLON-300x150.png 300w, https:\/\/lola.vueloiv.com\/wp-content\/uploads\/RAMBLA_COLON-1124x562.png 1124w, https:\/\/lola.vueloiv.com\/wp-content\/uploads\/RAMBLA_COLON-150x75.png 150w, https:\/\/lola.vueloiv.com\/wp-content\/uploads\/RAMBLA_COLON-768x384.png 768w, https:\/\/lola.vueloiv.com\/wp-content\/uploads\/RAMBLA_COLON-1536x768.png 1536w, https:\/\/lola.vueloiv.com\/wp-content\/uploads\/RAMBLA_COLON-2048x1024.png 2048w\" sizes=\"auto, (max-width: 2320px) 100vw, 2320px\" \/><\/a><\/figure>\n\n\n<div class=\"wp-block-group is-vertical is-layout-flex wp-container-core-group-is-layout-3505d962 wp-block-group-is-layout-flex\" style=\"min-height:6px;margin-top:0;margin-bottom:0;padding-top:0;padding-right:0;padding-bottom:0;padding-left:0\"><h2 style=\"font-size:clamp(14px, 0.875rem + ((1vw - 3.2px) * 0.078), 15px);line-height:1.6\" class=\"has-link-color wp-elements-5 wp-block-post-title has-text-color has-foreground-color\"><a href=\"https:\/\/lola.vueloiv.com\/es\/la-nueva-vieja-rambla\/\" target=\"_self\" >La Nueva Vieja Rambla<\/a><\/h2>\n\n<div class=\"has-link-color wp-elements-6 wp-block-post-excerpt has-text-color has-dark-gray-color\"><p class=\"wp-block-post-excerpt__excerpt\">Art\u00edculo de Ianko L\u00f3pez para ICON Design de El Pa\u00eds. &nbsp; <\/p><\/div><\/div>\n<\/div>\n\n<\/li><li class=\"wp-block-post post-5758 post type-post status-publish format-standard has-post-thumbnail hentry category-noticias\">\n\n<div class=\"wp-block-group is-nowrap is-layout-flex wp-container-core-group-is-layout-7d734f3b wp-block-group-is-layout-flex\" style=\"padding-top:0;padding-bottom:0\"><figure class=\"wp-block-post-featured-image wp-container-content-edf58e87 wp-states-73caa80d\"><a href=\"https:\/\/lola.vueloiv.com\/es\/conclouen-les-obres-de-lambit-1-de-la-rambla\/\" target=\"_self\" ><img loading=\"lazy\" decoding=\"async\" width=\"2320\" height=\"1160\" src=\"https:\/\/lola.vueloiv.com\/wp-content\/uploads\/01-4.jpg\" class=\"attachment-full size-full wp-post-image\" alt=\"Concluyen las obra del \u00e1mbito 1 de la Rambla\" style=\"aspect-ratio:3\/2;width:100%;height:222px;width:334px;object-fit:cover;\" srcset=\"https:\/\/lola.vueloiv.com\/wp-content\/uploads\/01-4.jpg 2320w, https:\/\/lola.vueloiv.com\/wp-content\/uploads\/01-4-300x150.jpg 300w, https:\/\/lola.vueloiv.com\/wp-content\/uploads\/01-4-1124x562.jpg 1124w, https:\/\/lola.vueloiv.com\/wp-content\/uploads\/01-4-150x75.jpg 150w, https:\/\/lola.vueloiv.com\/wp-content\/uploads\/01-4-768x384.jpg 768w, https:\/\/lola.vueloiv.com\/wp-content\/uploads\/01-4-1536x768.jpg 1536w, https:\/\/lola.vueloiv.com\/wp-content\/uploads\/01-4-2048x1024.jpg 2048w\" sizes=\"auto, (max-width: 2320px) 100vw, 2320px\" \/><\/a><\/figure>\n\n\n<div class=\"wp-block-group is-vertical is-layout-flex wp-container-core-group-is-layout-3505d962 wp-block-group-is-layout-flex\" style=\"min-height:6px;margin-top:0;margin-bottom:0;padding-top:0;padding-right:0;padding-bottom:0;padding-left:0\"><h2 style=\"font-size:clamp(14px, 0.875rem + ((1vw - 3.2px) * 0.078), 15px);line-height:1.6\" class=\"has-link-color wp-elements-7 wp-block-post-title has-text-color has-foreground-color\"><a href=\"https:\/\/lola.vueloiv.com\/es\/conclouen-les-obres-de-lambit-1-de-la-rambla\/\" target=\"_self\" >Concluyen las obra del \u00e1mbito 1 de la Rambla<\/a><\/h2>\n\n<div class=\"has-link-color wp-elements-8 wp-block-post-excerpt has-text-color has-dark-gray-color\"><p class=\"wp-block-post-excerpt__excerpt\">https:\/\/www.thenewbarcelonapost.com\/la-rambla-empieza-a-mostrar-su-nueva-cara-con-las-obras-acabadas-en-colon\/ Concluyen las obra del \u00e1mbito 1 de la Rambla. Queda pendiente la vegetaci\u00f3n que, por motivos de sequ\u00eda, se plantar\u00e1 despu\u00e9s del verano.&hellip; <\/p><\/div><\/div>\n<\/div>\n\n<\/li><li class=\"wp-block-post post-5649 post type-post status-publish format-standard has-post-thumbnail hentry category-noticias\">\n\n<div class=\"wp-block-group is-nowrap is-layout-flex wp-container-core-group-is-layout-7d734f3b wp-block-group-is-layout-flex\" style=\"padding-top:0;padding-bottom:0\"><figure class=\"wp-block-post-featured-image wp-container-content-edf58e87 wp-states-73caa80d\"><a href=\"https:\/\/lola.vueloiv.com\/es\/continue-works-rambles\/\" target=\"_self\" ><img loading=\"lazy\" decoding=\"async\" width=\"2320\" height=\"1160\" src=\"https:\/\/lola.vueloiv.com\/wp-content\/uploads\/PORTADA.png\" class=\"attachment-full size-full wp-post-image\" alt=\"Continuamos las obras Ramblas\" style=\"aspect-ratio:3\/2;width:100%;height:222px;width:334px;object-fit:cover;\" srcset=\"https:\/\/lola.vueloiv.com\/wp-content\/uploads\/PORTADA.png 2320w, https:\/\/lola.vueloiv.com\/wp-content\/uploads\/PORTADA-300x150.png 300w, https:\/\/lola.vueloiv.com\/wp-content\/uploads\/PORTADA-1124x562.png 1124w, https:\/\/lola.vueloiv.com\/wp-content\/uploads\/PORTADA-150x75.png 150w, https:\/\/lola.vueloiv.com\/wp-content\/uploads\/PORTADA-768x384.png 768w, https:\/\/lola.vueloiv.com\/wp-content\/uploads\/PORTADA-1536x768.png 1536w, https:\/\/lola.vueloiv.com\/wp-content\/uploads\/PORTADA-2048x1024.png 2048w\" sizes=\"auto, (max-width: 2320px) 100vw, 2320px\" \/><\/a><\/figure>\n\n\n<div class=\"wp-block-group is-vertical is-layout-flex wp-container-core-group-is-layout-3505d962 wp-block-group-is-layout-flex\" style=\"min-height:6px;margin-top:0;margin-bottom:0;padding-top:0;padding-right:0;padding-bottom:0;padding-left:0\"><h2 style=\"font-size:clamp(14px, 0.875rem + ((1vw - 3.2px) * 0.078), 15px);line-height:1.6\" class=\"has-link-color wp-elements-9 wp-block-post-title has-text-color has-foreground-color\"><a href=\"https:\/\/lola.vueloiv.com\/es\/continue-works-rambles\/\" target=\"_self\" >Continuamos las obras Ramblas<\/a><\/h2>\n\n<div class=\"has-link-color wp-elements-10 wp-block-post-excerpt has-text-color has-dark-gray-color\"><p class=\"wp-block-post-excerpt__excerpt\">Hoy, 28 de mayo de 2024, arrancan las obras Ramblas fase 2-5\u00a0(Santa M\u00f2nica &#8211; Pla\u00e7a Catalunya) Se prev\u00e9 su ejecuci\u00f3n en 32 meses. &nbsp;&hellip; <\/p><\/div><\/div>\n<\/div>\n\n<\/li><li class=\"wp-block-post post-5449 post type-post status-publish format-standard has-post-thumbnail hentry category-noticias\">\n\n<div class=\"wp-block-group is-nowrap is-layout-flex wp-container-core-group-is-layout-7d734f3b wp-block-group-is-layout-flex\" style=\"padding-top:0;padding-bottom:0\"><figure class=\"wp-block-post-featured-image wp-container-content-edf58e87 wp-states-73caa80d\"><a href=\"https:\/\/lola.vueloiv.com\/es\/shortlisted-arquifad-awards-fad\/\" target=\"_self\" ><img loading=\"lazy\" decoding=\"async\" width=\"2320\" height=\"1160\" src=\"https:\/\/lola.vueloiv.com\/wp-content\/uploads\/PORTADA-PREMI-FAD.jpg\" class=\"attachment-full size-full wp-post-image\" alt=\"Shortlisted in the ArquiFAD awards \u2013 FAD\" style=\"aspect-ratio:3\/2;width:100%;height:222px;width:334px;object-fit:cover;\" srcset=\"https:\/\/lola.vueloiv.com\/wp-content\/uploads\/PORTADA-PREMI-FAD.jpg 2320w, https:\/\/lola.vueloiv.com\/wp-content\/uploads\/PORTADA-PREMI-FAD-300x150.jpg 300w, https:\/\/lola.vueloiv.com\/wp-content\/uploads\/PORTADA-PREMI-FAD-1124x562.jpg 1124w, https:\/\/lola.vueloiv.com\/wp-content\/uploads\/PORTADA-PREMI-FAD-150x75.jpg 150w, https:\/\/lola.vueloiv.com\/wp-content\/uploads\/PORTADA-PREMI-FAD-768x384.jpg 768w, https:\/\/lola.vueloiv.com\/wp-content\/uploads\/PORTADA-PREMI-FAD-1536x768.jpg 1536w, https:\/\/lola.vueloiv.com\/wp-content\/uploads\/PORTADA-PREMI-FAD-2048x1024.jpg 2048w\" sizes=\"auto, (max-width: 2320px) 100vw, 2320px\" \/><\/a><\/figure>\n\n\n<div class=\"wp-block-group is-vertical is-layout-flex wp-container-core-group-is-layout-3505d962 wp-block-group-is-layout-flex\" style=\"min-height:6px;margin-top:0;margin-bottom:0;padding-top:0;padding-right:0;padding-bottom:0;padding-left:0\"><h2 style=\"font-size:clamp(14px, 0.875rem + ((1vw - 3.2px) * 0.078), 15px);line-height:1.6\" class=\"has-link-color wp-elements-11 wp-block-post-title has-text-color has-foreground-color\"><a href=\"https:\/\/lola.vueloiv.com\/es\/shortlisted-arquifad-awards-fad\/\" target=\"_self\" >Shortlisted in the ArquiFAD awards \u2013 FAD<\/a><\/h2>\n\n<div class=\"has-link-color wp-elements-12 wp-block-post-excerpt has-text-color has-dark-gray-color\"><p class=\"wp-block-post-excerpt__excerpt\">We are happy to announce that\u00a0our project\u00a0urbanization of avenue catalunya at st antoni de calonge\u00a0has been selected\u00a0for the\u00a0ArquiFAD awards,\u00a0organised by FAD. We would like&hellip; <\/p><\/div><\/div>\n<\/div>\n\n<\/li><li class=\"wp-block-post post-5431 post type-post status-publish format-standard has-post-thumbnail hentry category-noticias\">\n\n<div class=\"wp-block-group is-nowrap is-layout-flex wp-container-core-group-is-layout-7d734f3b wp-block-group-is-layout-flex\" style=\"padding-top:0;padding-bottom:0\"><figure class=\"wp-block-post-featured-image wp-container-content-edf58e87 wp-states-73caa80d\"><a href=\"https:\/\/lola.vueloiv.com\/es\/5425\/\" target=\"_self\" ><img loading=\"lazy\" decoding=\"async\" width=\"2320\" height=\"1160\" src=\"https:\/\/lola.vueloiv.com\/wp-content\/uploads\/PORTADA-PREMI-CSCAE.jpg\" class=\"attachment-full size-full wp-post-image\" alt=\"Seleccionados en los Premios Arquitectura 2024 &#8211; CSCAE\" style=\"aspect-ratio:3\/2;width:100%;height:222px;width:334px;object-fit:cover;\" srcset=\"https:\/\/lola.vueloiv.com\/wp-content\/uploads\/PORTADA-PREMI-CSCAE.jpg 2320w, https:\/\/lola.vueloiv.com\/wp-content\/uploads\/PORTADA-PREMI-CSCAE-300x150.jpg 300w, https:\/\/lola.vueloiv.com\/wp-content\/uploads\/PORTADA-PREMI-CSCAE-1124x562.jpg 1124w, https:\/\/lola.vueloiv.com\/wp-content\/uploads\/PORTADA-PREMI-CSCAE-150x75.jpg 150w, https:\/\/lola.vueloiv.com\/wp-content\/uploads\/PORTADA-PREMI-CSCAE-768x384.jpg 768w, https:\/\/lola.vueloiv.com\/wp-content\/uploads\/PORTADA-PREMI-CSCAE-1536x768.jpg 1536w, https:\/\/lola.vueloiv.com\/wp-content\/uploads\/PORTADA-PREMI-CSCAE-2048x1024.jpg 2048w\" sizes=\"auto, (max-width: 2320px) 100vw, 2320px\" \/><\/a><\/figure>\n\n\n<div class=\"wp-block-group is-vertical is-layout-flex wp-container-core-group-is-layout-3505d962 wp-block-group-is-layout-flex\" style=\"min-height:6px;margin-top:0;margin-bottom:0;padding-top:0;padding-right:0;padding-bottom:0;padding-left:0\"><h2 style=\"font-size:clamp(14px, 0.875rem + ((1vw - 3.2px) * 0.078), 15px);line-height:1.6\" class=\"has-link-color wp-elements-13 wp-block-post-title has-text-color has-foreground-color\"><a href=\"https:\/\/lola.vueloiv.com\/es\/5425\/\" target=\"_self\" >Seleccionados en los Premios Arquitectura 2024 &#8211; CSCAE<\/a><\/h2>\n\n<div class=\"has-link-color wp-elements-14 wp-block-post-excerpt has-text-color has-dark-gray-color\"><p class=\"wp-block-post-excerpt__excerpt\">Muy contentos de anunciar que nuestro proyecto de reurbanizaci\u00f3n de la av catalunya, st antoni de calonge (tramo gambina\/ fraret) ha sido seleccionado en&hellip; <\/p><\/div><\/div>\n<\/div>\n\n<\/li><li class=\"wp-block-post post-5333 post type-post status-publish format-standard has-post-thumbnail hentry category-noticias\">\n\n<div class=\"wp-block-group is-nowrap is-layout-flex wp-container-core-group-is-layout-7d734f3b wp-block-group-is-layout-flex\" style=\"padding-top:0;padding-bottom:0\"><figure class=\"wp-block-post-featured-image wp-container-content-edf58e87 wp-states-73caa80d\"><a href=\"https:\/\/lola.vueloiv.com\/es\/portada-del-libro-viviendas-housing-de-arquitectura-viva-2\/\" target=\"_self\" ><img loading=\"lazy\" decoding=\"async\" width=\"2320\" height=\"1160\" src=\"https:\/\/lola.vueloiv.com\/wp-content\/uploads\/Viviendas-Cubierta-Lomo-y-Contra-1.jpg\" class=\"attachment-full size-full wp-post-image\" alt=\"Portada del libro Viviendas-Housing, de Arquitectura Viva\" style=\"aspect-ratio:3\/2;width:100%;height:222px;width:334px;object-fit:cover;\" srcset=\"https:\/\/lola.vueloiv.com\/wp-content\/uploads\/Viviendas-Cubierta-Lomo-y-Contra-1.jpg 2320w, https:\/\/lola.vueloiv.com\/wp-content\/uploads\/Viviendas-Cubierta-Lomo-y-Contra-1-300x150.jpg 300w, https:\/\/lola.vueloiv.com\/wp-content\/uploads\/Viviendas-Cubierta-Lomo-y-Contra-1-1124x562.jpg 1124w, https:\/\/lola.vueloiv.com\/wp-content\/uploads\/Viviendas-Cubierta-Lomo-y-Contra-1-150x75.jpg 150w, https:\/\/lola.vueloiv.com\/wp-content\/uploads\/Viviendas-Cubierta-Lomo-y-Contra-1-768x384.jpg 768w, https:\/\/lola.vueloiv.com\/wp-content\/uploads\/Viviendas-Cubierta-Lomo-y-Contra-1-1536x768.jpg 1536w, https:\/\/lola.vueloiv.com\/wp-content\/uploads\/Viviendas-Cubierta-Lomo-y-Contra-1-2048x1024.jpg 2048w\" sizes=\"auto, (max-width: 2320px) 100vw, 2320px\" \/><\/a><\/figure>\n\n\n<div class=\"wp-block-group is-vertical is-layout-flex wp-container-core-group-is-layout-3505d962 wp-block-group-is-layout-flex\" style=\"min-height:6px;margin-top:0;margin-bottom:0;padding-top:0;padding-right:0;padding-bottom:0;padding-left:0\"><h2 style=\"font-size:clamp(14px, 0.875rem + ((1vw - 3.2px) * 0.078), 15px);line-height:1.6\" class=\"has-link-color wp-elements-15 wp-block-post-title has-text-color has-foreground-color\"><a href=\"https:\/\/lola.vueloiv.com\/es\/portada-del-libro-viviendas-housing-de-arquitectura-viva-2\/\" target=\"_self\" >Portada del libro Viviendas-Housing, de Arquitectura Viva<\/a><\/h2>\n\n<div class=\"has-link-color wp-elements-16 wp-block-post-excerpt has-text-color has-dark-gray-color\"><p class=\"wp-block-post-excerpt__excerpt\">Muy contentos de anunciar que la\u00a0fachada\u00a0de nuestro proyecto\u00a0edificio de viviendas para 4 amigos, en Barcelona,\u00a0constituye la portada del libro\u00a0Viviendas-Housing, de Arquitectura Viva,\u00a0 donde se&hellip; <\/p><\/div><\/div>\n<\/div>\n\n<\/li><li class=\"wp-block-post post-5335 post type-post status-publish format-standard has-post-thumbnail hentry category-noticias\">\n\n<div class=\"wp-block-group is-nowrap is-layout-flex wp-container-core-group-is-layout-7d734f3b wp-block-group-is-layout-flex\" style=\"padding-top:0;padding-bottom:0\"><figure class=\"wp-block-post-featured-image wp-container-content-edf58e87 wp-states-73caa80d\"><a href=\"https:\/\/lola.vueloiv.com\/es\/finishing-first-phase-works-calonge\/\" target=\"_self\" ><img loading=\"lazy\" decoding=\"async\" width=\"2320\" height=\"1160\" src=\"https:\/\/lola.vueloiv.com\/wp-content\/uploads\/FEATURED-IMAGE.jpg\" class=\"attachment-full size-full wp-post-image\" alt=\"Finalizada la primera fase de los trabajos en Calonge\" style=\"aspect-ratio:3\/2;width:100%;height:222px;width:334px;object-fit:cover;\" srcset=\"https:\/\/lola.vueloiv.com\/wp-content\/uploads\/FEATURED-IMAGE.jpg 2320w, https:\/\/lola.vueloiv.com\/wp-content\/uploads\/FEATURED-IMAGE-300x150.jpg 300w, https:\/\/lola.vueloiv.com\/wp-content\/uploads\/FEATURED-IMAGE-1124x562.jpg 1124w, https:\/\/lola.vueloiv.com\/wp-content\/uploads\/FEATURED-IMAGE-150x75.jpg 150w, https:\/\/lola.vueloiv.com\/wp-content\/uploads\/FEATURED-IMAGE-768x384.jpg 768w, https:\/\/lola.vueloiv.com\/wp-content\/uploads\/FEATURED-IMAGE-1536x768.jpg 1536w, https:\/\/lola.vueloiv.com\/wp-content\/uploads\/FEATURED-IMAGE-2048x1024.jpg 2048w\" sizes=\"auto, (max-width: 2320px) 100vw, 2320px\" \/><\/a><\/figure>\n\n\n<div class=\"wp-block-group is-vertical is-layout-flex wp-container-core-group-is-layout-3505d962 wp-block-group-is-layout-flex\" style=\"min-height:6px;margin-top:0;margin-bottom:0;padding-top:0;padding-right:0;padding-bottom:0;padding-left:0\"><h2 style=\"font-size:clamp(14px, 0.875rem + ((1vw - 3.2px) * 0.078), 15px);line-height:1.6\" class=\"has-link-color wp-elements-17 wp-block-post-title has-text-color has-foreground-color\"><a href=\"https:\/\/lola.vueloiv.com\/es\/finishing-first-phase-works-calonge\/\" target=\"_self\" >Finalizada la primera fase de los trabajos en Calonge<\/a><\/h2>\n\n<div class=\"has-link-color wp-elements-18 wp-block-post-excerpt has-text-color has-dark-gray-color\"><p class=\"wp-block-post-excerpt__excerpt\">Estamos contentos de poder anunciar que los trabajos de la primera fase de nuestro proyecto\u00a0reurbanizaci\u00f3n de la av catalunya, st antoni de calonge han&hellip; <\/p><\/div><\/div>\n<\/div>\n\n<\/li><li class=\"wp-block-post post-5169 post type-post status-publish format-standard has-post-thumbnail hentry category-noticias\">\n\n<div class=\"wp-block-group is-nowrap is-layout-flex wp-container-core-group-is-layout-7d734f3b wp-block-group-is-layout-flex\" style=\"padding-top:0;padding-bottom:0\"><figure class=\"wp-block-post-featured-image wp-container-content-edf58e87 wp-states-73caa80d\"><a href=\"https:\/\/lola.vueloiv.com\/es\/residential-building-4-friends_barcelona\/\" target=\"_self\" ><img loading=\"lazy\" decoding=\"async\" width=\"2320\" height=\"1160\" src=\"https:\/\/lola.vueloiv.com\/wp-content\/uploads\/04_PJ_LD_6.jpg\" class=\"attachment-full size-full wp-post-image\" alt=\"edificio de viviendas para 4 amigos_barcelona\" style=\"aspect-ratio:3\/2;width:100%;height:222px;width:334px;object-fit:cover;\" srcset=\"https:\/\/lola.vueloiv.com\/wp-content\/uploads\/04_PJ_LD_6.jpg 2320w, https:\/\/lola.vueloiv.com\/wp-content\/uploads\/04_PJ_LD_6-300x150.jpg 300w, https:\/\/lola.vueloiv.com\/wp-content\/uploads\/04_PJ_LD_6-1124x562.jpg 1124w, https:\/\/lola.vueloiv.com\/wp-content\/uploads\/04_PJ_LD_6-150x75.jpg 150w, https:\/\/lola.vueloiv.com\/wp-content\/uploads\/04_PJ_LD_6-768x384.jpg 768w, https:\/\/lola.vueloiv.com\/wp-content\/uploads\/04_PJ_LD_6-1536x768.jpg 1536w, https:\/\/lola.vueloiv.com\/wp-content\/uploads\/04_PJ_LD_6-2048x1024.jpg 2048w\" sizes=\"auto, (max-width: 2320px) 100vw, 2320px\" \/><\/a><\/figure>\n\n\n<div class=\"wp-block-group is-vertical is-layout-flex wp-container-core-group-is-layout-3505d962 wp-block-group-is-layout-flex\" style=\"min-height:6px;margin-top:0;margin-bottom:0;padding-top:0;padding-right:0;padding-bottom:0;padding-left:0\"><h2 style=\"font-size:clamp(14px, 0.875rem + ((1vw - 3.2px) * 0.078), 15px);line-height:1.6\" class=\"has-link-color wp-elements-19 wp-block-post-title has-text-color has-foreground-color\"><a href=\"https:\/\/lola.vueloiv.com\/es\/residential-building-4-friends_barcelona\/\" target=\"_self\" >edificio de viviendas para 4 amigos_barcelona<\/a><\/h2>\n\n<div class=\"has-link-color wp-elements-20 wp-block-post-excerpt has-text-color has-dark-gray-color\"><p class=\"wp-block-post-excerpt__excerpt\">WATA_ World archicteture award_Collective housing. Paris 2022 El pasado 4 de octubre se hizo entrega a Paris del premio WATA 2022 para el edificio&hellip; <\/p><\/div><\/div>\n<\/div>\n\n<\/li><li class=\"wp-block-post post-5159 post type-post status-publish format-standard has-post-thumbnail hentry category-noticias\">\n\n<div class=\"wp-block-group is-nowrap is-layout-flex wp-container-core-group-is-layout-7d734f3b wp-block-group-is-layout-flex\" style=\"padding-top:0;padding-bottom:0\"><figure class=\"wp-block-post-featured-image wp-container-content-edf58e87 wp-states-73caa80d\"><a href=\"https:\/\/lola.vueloiv.com\/es\/urbanization-avenue-catalunya-st-antoni-de-calonge_-barcelona\/\" target=\"_self\" ><img loading=\"lazy\" decoding=\"async\" width=\"2320\" height=\"1160\" src=\"https:\/\/lola.vueloiv.com\/wp-content\/uploads\/075_Render_Prop.jpg\" class=\"attachment-full size-full wp-post-image\" alt=\"reurbanizaci\u00f3n de la av catalunya, st antoni de calonge (tramo gambina\/ fraret)\" style=\"aspect-ratio:3\/2;width:100%;height:222px;width:334px;object-fit:cover;\" srcset=\"https:\/\/lola.vueloiv.com\/wp-content\/uploads\/075_Render_Prop.jpg 2320w, https:\/\/lola.vueloiv.com\/wp-content\/uploads\/075_Render_Prop-300x150.jpg 300w, https:\/\/lola.vueloiv.com\/wp-content\/uploads\/075_Render_Prop-1124x562.jpg 1124w, https:\/\/lola.vueloiv.com\/wp-content\/uploads\/075_Render_Prop-150x75.jpg 150w, https:\/\/lola.vueloiv.com\/wp-content\/uploads\/075_Render_Prop-768x384.jpg 768w, https:\/\/lola.vueloiv.com\/wp-content\/uploads\/075_Render_Prop-1536x768.jpg 1536w, https:\/\/lola.vueloiv.com\/wp-content\/uploads\/075_Render_Prop-2048x1024.jpg 2048w\" sizes=\"auto, (max-width: 2320px) 100vw, 2320px\" \/><\/a><\/figure>\n\n\n<div class=\"wp-block-group is-vertical is-layout-flex wp-container-core-group-is-layout-3505d962 wp-block-group-is-layout-flex\" style=\"min-height:6px;margin-top:0;margin-bottom:0;padding-top:0;padding-right:0;padding-bottom:0;padding-left:0\"><h2 style=\"font-size:clamp(14px, 0.875rem + ((1vw - 3.2px) * 0.078), 15px);line-height:1.6\" class=\"has-link-color wp-elements-21 wp-block-post-title has-text-color has-foreground-color\"><a href=\"https:\/\/lola.vueloiv.com\/es\/urbanization-avenue-catalunya-st-antoni-de-calonge_-barcelona\/\" target=\"_self\" >reurbanizaci\u00f3n de la av catalunya, st antoni de calonge (tramo gambina\/ fraret)<\/a><\/h2>\n\n<div class=\"has-link-color wp-elements-22 wp-block-post-excerpt has-text-color has-dark-gray-color\"><p class=\"wp-block-post-excerpt__excerpt\">El pasado 15 de septiembre se han iniciado las obras de transformaci\u00f3n de la avenida Catalu\u00f1a en la v\u00eda verde urbana de Sant Antoni&hellip; <\/p><\/div><\/div>\n<\/div>\n\n<\/li><li class=\"wp-block-post post-5141 post type-post status-publish format-standard has-post-thumbnail hentry category-noticias\">\n\n<div class=\"wp-block-group is-nowrap is-layout-flex wp-container-core-group-is-layout-7d734f3b wp-block-group-is-layout-flex\" style=\"padding-top:0;padding-bottom:0\"><figure class=\"wp-block-post-featured-image wp-container-content-edf58e87 wp-states-73caa80d\"><a href=\"https:\/\/lola.vueloiv.com\/es\/refurbishment-les-rambles_barcelona\/\" target=\"_self\" ><img loading=\"lazy\" decoding=\"async\" width=\"960\" height=\"640\" src=\"https:\/\/lola.vueloiv.com\/wp-content\/uploads\/Aeria-02.jpg\" class=\"attachment-full size-full wp-post-image\" alt=\"remodelaci\u00f3n de las ramblas_barcelona\" style=\"aspect-ratio:3\/2;width:100%;height:222px;width:334px;object-fit:cover;\" srcset=\"https:\/\/lola.vueloiv.com\/wp-content\/uploads\/Aeria-02.jpg 960w, https:\/\/lola.vueloiv.com\/wp-content\/uploads\/Aeria-02-300x200.jpg 300w, https:\/\/lola.vueloiv.com\/wp-content\/uploads\/Aeria-02-150x100.jpg 150w, https:\/\/lola.vueloiv.com\/wp-content\/uploads\/Aeria-02-768x512.jpg 768w\" sizes=\"auto, (max-width: 960px) 100vw, 960px\" \/><\/a><\/figure>\n\n\n<div class=\"wp-block-group is-vertical is-layout-flex wp-container-core-group-is-layout-3505d962 wp-block-group-is-layout-flex\" style=\"min-height:6px;margin-top:0;margin-bottom:0;padding-top:0;padding-right:0;padding-bottom:0;padding-left:0\"><h2 style=\"font-size:clamp(14px, 0.875rem + ((1vw - 3.2px) * 0.078), 15px);line-height:1.6\" class=\"has-link-color wp-elements-23 wp-block-post-title has-text-color has-foreground-color\"><a href=\"https:\/\/lola.vueloiv.com\/es\/refurbishment-les-rambles_barcelona\/\" target=\"_self\" >remodelaci\u00f3n de las ramblas_barcelona<\/a><\/h2>\n\n<div class=\"has-link-color wp-elements-24 wp-block-post-excerpt has-text-color has-dark-gray-color\"><p class=\"wp-block-post-excerpt__excerpt\">El pr\u00f3ximo lunes 3 de octubre se iniciaran las obras de transformaci\u00f3n de la Rambla de Barcelona a partir del tramo Colom-Santa Madrona. <\/p><\/div><\/div>\n<\/div>\n\n<\/li><li class=\"wp-block-post post-5088 post type-post status-publish format-standard has-post-thumbnail hentry category-noticias\">\n\n<div class=\"wp-block-group is-nowrap is-layout-flex wp-container-core-group-is-layout-7d734f3b wp-block-group-is-layout-flex\" style=\"padding-top:0;padding-bottom:0\"><figure class=\"wp-block-post-featured-image wp-container-content-edf58e87 wp-states-73caa80d\"><a href=\"https:\/\/lola.vueloiv.com\/es\/concurs-del-jardi-dels-jesuites_segon-premi\/\" target=\"_self\" ><img loading=\"lazy\" decoding=\"async\" width=\"2320\" height=\"1160\" src=\"https:\/\/lola.vueloiv.com\/wp-content\/uploads\/01-1.jpg\" class=\"attachment-full size-full wp-post-image\" alt=\"concurso del jard\u00edn de los jesuitas_segundo premio\" style=\"aspect-ratio:3\/2;width:100%;height:222px;width:334px;object-fit:cover;\" srcset=\"https:\/\/lola.vueloiv.com\/wp-content\/uploads\/01-1.jpg 2320w, https:\/\/lola.vueloiv.com\/wp-content\/uploads\/01-1-300x150.jpg 300w, https:\/\/lola.vueloiv.com\/wp-content\/uploads\/01-1-1124x562.jpg 1124w, https:\/\/lola.vueloiv.com\/wp-content\/uploads\/01-1-150x75.jpg 150w, https:\/\/lola.vueloiv.com\/wp-content\/uploads\/01-1-768x384.jpg 768w, https:\/\/lola.vueloiv.com\/wp-content\/uploads\/01-1-1536x768.jpg 1536w, https:\/\/lola.vueloiv.com\/wp-content\/uploads\/01-1-2048x1024.jpg 2048w\" sizes=\"auto, (max-width: 2320px) 100vw, 2320px\" \/><\/a><\/figure>\n\n\n<div class=\"wp-block-group is-vertical is-layout-flex wp-container-core-group-is-layout-3505d962 wp-block-group-is-layout-flex\" style=\"min-height:6px;margin-top:0;margin-bottom:0;padding-top:0;padding-right:0;padding-bottom:0;padding-left:0\"><h2 style=\"font-size:clamp(14px, 0.875rem + ((1vw - 3.2px) * 0.078), 15px);line-height:1.6\" class=\"has-link-color wp-elements-25 wp-block-post-title has-text-color has-foreground-color\"><a href=\"https:\/\/lola.vueloiv.com\/es\/concurs-del-jardi-dels-jesuites_segon-premi\/\" target=\"_self\" >concurso del jard\u00edn de los jesuitas_segundo premio<\/a><\/h2>\n\n<div class=\"has-link-color wp-elements-26 wp-block-post-excerpt has-text-color has-dark-gray-color\"><p class=\"wp-block-post-excerpt__excerpt\">El jurado del concurso del Jard\u00edn de los Jesuitas valora la recreaci\u00f3n que la propuesta hace de la huerta valenciana y las acequias. El&hellip; <\/p><\/div><\/div>\n<\/div>\n\n<\/li><li class=\"wp-block-post post-5073 post type-post status-publish format-standard has-post-thumbnail hentry category-noticias\">\n\n<div class=\"wp-block-group is-nowrap is-layout-flex wp-container-core-group-is-layout-7d734f3b wp-block-group-is-layout-flex\" style=\"padding-top:0;padding-bottom:0\"><figure class=\"wp-block-post-featured-image wp-container-content-edf58e87 wp-states-73caa80d\"><a href=\"https:\/\/lola.vueloiv.com\/es\/aprobacio-definitiva-del-projecte-de-les-rambles_barcelona\/\" target=\"_self\" ><img loading=\"lazy\" decoding=\"async\" width=\"1417\" height=\"833\" src=\"https:\/\/lola.vueloiv.com\/wp-content\/uploads\/detall-02.jpg\" class=\"attachment-full size-full wp-post-image\" alt=\"aprobaci\u00f3n definitiva del proyecto de las ramblas_barcelona\" style=\"aspect-ratio:3\/2;width:100%;height:222px;width:334px;object-fit:cover;\" srcset=\"https:\/\/lola.vueloiv.com\/wp-content\/uploads\/detall-02.jpg 1417w, https:\/\/lola.vueloiv.com\/wp-content\/uploads\/detall-02-300x176.jpg 300w, https:\/\/lola.vueloiv.com\/wp-content\/uploads\/detall-02-1124x661.jpg 1124w, https:\/\/lola.vueloiv.com\/wp-content\/uploads\/detall-02-150x88.jpg 150w, https:\/\/lola.vueloiv.com\/wp-content\/uploads\/detall-02-768x451.jpg 768w\" sizes=\"auto, (max-width: 1417px) 100vw, 1417px\" \/><\/a><\/figure>\n\n\n<div class=\"wp-block-group is-vertical is-layout-flex wp-container-core-group-is-layout-3505d962 wp-block-group-is-layout-flex\" style=\"min-height:6px;margin-top:0;margin-bottom:0;padding-top:0;padding-right:0;padding-bottom:0;padding-left:0\"><h2 style=\"font-size:clamp(14px, 0.875rem + ((1vw - 3.2px) * 0.078), 15px);line-height:1.6\" class=\"has-link-color wp-elements-27 wp-block-post-title has-text-color has-foreground-color\"><a href=\"https:\/\/lola.vueloiv.com\/es\/aprobacio-definitiva-del-projecte-de-les-rambles_barcelona\/\" target=\"_self\" >aprobaci\u00f3n definitiva del proyecto de las ramblas_barcelona<\/a><\/h2>\n\n<div class=\"has-link-color wp-elements-28 wp-block-post-excerpt has-text-color has-dark-gray-color\"><p class=\"wp-block-post-excerpt__excerpt\">El Ayuntamiento de Barcelona aprueba definitivamente el Proyecto Ejecutivo de remodelaci\u00f3n de las Ramblas de Barcelona. La ejecuci\u00f3n de la primera fase (Drassanes\/Col\u00f3n) est\u00e1&hellip; <\/p><\/div><\/div>\n<\/div>\n\n<\/li><li class=\"wp-block-post post-4944 post type-post status-publish format-standard has-post-thumbnail hentry category-noticias\">\n\n<div class=\"wp-block-group is-nowrap is-layout-flex wp-container-core-group-is-layout-7d734f3b wp-block-group-is-layout-flex\" style=\"padding-top:0;padding-bottom:0\"><figure class=\"wp-block-post-featured-image wp-container-content-edf58e87 wp-states-73caa80d\"><a href=\"https:\/\/lola.vueloiv.com\/es\/publicacion-landscape-architecture_built\/\" target=\"_self\" ><img loading=\"lazy\" decoding=\"async\" width=\"2320\" height=\"1160\" src=\"https:\/\/lola.vueloiv.com\/wp-content\/uploads\/collage.jpg\" class=\"attachment-full size-full wp-post-image\" alt=\"publicaci\u00f3n landscape architecture_built\" style=\"aspect-ratio:3\/2;width:100%;height:222px;width:334px;object-fit:cover;\" srcset=\"https:\/\/lola.vueloiv.com\/wp-content\/uploads\/collage.jpg 2320w, https:\/\/lola.vueloiv.com\/wp-content\/uploads\/collage-300x150.jpg 300w, https:\/\/lola.vueloiv.com\/wp-content\/uploads\/collage-1124x562.jpg 1124w, https:\/\/lola.vueloiv.com\/wp-content\/uploads\/collage-150x75.jpg 150w, https:\/\/lola.vueloiv.com\/wp-content\/uploads\/collage-768x384.jpg 768w, https:\/\/lola.vueloiv.com\/wp-content\/uploads\/collage-1536x768.jpg 1536w, https:\/\/lola.vueloiv.com\/wp-content\/uploads\/collage-2048x1024.jpg 2048w\" sizes=\"auto, (max-width: 2320px) 100vw, 2320px\" \/><\/a><\/figure>\n\n\n<div class=\"wp-block-group is-vertical is-layout-flex wp-container-core-group-is-layout-3505d962 wp-block-group-is-layout-flex\" style=\"min-height:6px;margin-top:0;margin-bottom:0;padding-top:0;padding-right:0;padding-bottom:0;padding-left:0\"><h2 style=\"font-size:clamp(14px, 0.875rem + ((1vw - 3.2px) * 0.078), 15px);line-height:1.6\" class=\"has-link-color wp-elements-29 wp-block-post-title has-text-color has-foreground-color\"><a href=\"https:\/\/lola.vueloiv.com\/es\/publicacion-landscape-architecture_built\/\" target=\"_self\" >publicaci\u00f3n landscape architecture_built<\/a><\/h2>\n\n<div class=\"has-link-color wp-elements-30 wp-block-post-excerpt has-text-color has-dark-gray-color\"><p class=\"wp-block-post-excerpt__excerpt\">Publicaci\u00f3n de proyectos del estudio de Lola Dom\u00e8nech en la web especializada Landscape Architecture_built Forum Romano_Emp\u00faries\/ Psg St Joan_Bcn\/ Baluard Migdia_Bcn <\/p><\/div><\/div>\n<\/div>\n\n<\/li><li class=\"wp-block-post post-4931 post type-post status-publish format-standard has-post-thumbnail hentry category-noticias\">\n\n<div class=\"wp-block-group is-nowrap is-layout-flex wp-container-core-group-is-layout-7d734f3b wp-block-group-is-layout-flex\" style=\"padding-top:0;padding-bottom:0\"><figure class=\"wp-block-post-featured-image wp-container-content-edf58e87 wp-states-73caa80d\"><a href=\"https:\/\/lola.vueloiv.com\/es\/el-passeig-de-sant-joan-es-la-segunda-mejor-calle-del-mundo\/\" target=\"_self\" ><img loading=\"lazy\" decoding=\"async\" width=\"2320\" height=\"1160\" src=\"https:\/\/lola.vueloiv.com\/wp-content\/uploads\/PSTJ2_01.jpg\" class=\"attachment-full size-full wp-post-image\" alt=\"\u00abtime out: el passeig de sant joan es la segunda mejor calle del mundo\u00bb\" style=\"aspect-ratio:3\/2;width:100%;height:222px;width:334px;object-fit:cover;\" srcset=\"https:\/\/lola.vueloiv.com\/wp-content\/uploads\/PSTJ2_01.jpg 2320w, https:\/\/lola.vueloiv.com\/wp-content\/uploads\/PSTJ2_01-300x150.jpg 300w, https:\/\/lola.vueloiv.com\/wp-content\/uploads\/PSTJ2_01-1124x562.jpg 1124w, https:\/\/lola.vueloiv.com\/wp-content\/uploads\/PSTJ2_01-150x75.jpg 150w, https:\/\/lola.vueloiv.com\/wp-content\/uploads\/PSTJ2_01-768x384.jpg 768w, https:\/\/lola.vueloiv.com\/wp-content\/uploads\/PSTJ2_01-1536x768.jpg 1536w, https:\/\/lola.vueloiv.com\/wp-content\/uploads\/PSTJ2_01-2048x1024.jpg 2048w\" sizes=\"auto, (max-width: 2320px) 100vw, 2320px\" \/><\/a><\/figure>\n\n\n<div class=\"wp-block-group is-vertical is-layout-flex wp-container-core-group-is-layout-3505d962 wp-block-group-is-layout-flex\" style=\"min-height:6px;margin-top:0;margin-bottom:0;padding-top:0;padding-right:0;padding-bottom:0;padding-left:0\"><h2 style=\"font-size:clamp(14px, 0.875rem + ((1vw - 3.2px) * 0.078), 15px);line-height:1.6\" class=\"has-link-color wp-elements-31 wp-block-post-title has-text-color has-foreground-color\"><a href=\"https:\/\/lola.vueloiv.com\/es\/el-passeig-de-sant-joan-es-la-segunda-mejor-calle-del-mundo\/\" target=\"_self\" >\u00abtime out: el passeig de sant joan es la segunda mejor calle del mundo\u00bb<\/a><\/h2>\n\n<div class=\"has-link-color wp-elements-32 wp-block-post-excerpt has-text-color has-dark-gray-color\"><p class=\"wp-block-post-excerpt__excerpt\">Time Out\u00a0International\u00a0ha seleccionado el Passeig de Sant Joan como la segunda mejor calle del mundo donde vivir, solo por debajo de la Smith\u00a0Street, de&hellip; <\/p><\/div><\/div>\n<\/div>\n\n<\/li><li class=\"wp-block-post post-3143 post type-post status-publish format-standard has-post-thumbnail hentry category-noticias\">\n\n<div class=\"wp-block-group is-nowrap is-layout-flex wp-container-core-group-is-layout-7d734f3b wp-block-group-is-layout-flex\" style=\"padding-top:0;padding-bottom:0\"><figure class=\"wp-block-post-featured-image wp-container-content-edf58e87 wp-states-73caa80d\"><a href=\"https:\/\/lola.vueloiv.com\/es\/remodelacio-de-la-rambla_bcn-2\/\" target=\"_self\" ><img loading=\"lazy\" decoding=\"async\" width=\"2320\" height=\"1160\" src=\"https:\/\/lola.vueloiv.com\/wp-content\/uploads\/rambles_featured.jpg\" class=\"attachment-full size-full wp-post-image\" alt=\"remodelaci\u00f3n de las ramblas_barcelona\" style=\"aspect-ratio:3\/2;width:100%;height:222px;width:334px;object-fit:cover;\" srcset=\"https:\/\/lola.vueloiv.com\/wp-content\/uploads\/rambles_featured.jpg 2320w, https:\/\/lola.vueloiv.com\/wp-content\/uploads\/rambles_featured-300x150.jpg 300w, https:\/\/lola.vueloiv.com\/wp-content\/uploads\/rambles_featured-1124x562.jpg 1124w, https:\/\/lola.vueloiv.com\/wp-content\/uploads\/rambles_featured-150x75.jpg 150w, https:\/\/lola.vueloiv.com\/wp-content\/uploads\/rambles_featured-768x384.jpg 768w, https:\/\/lola.vueloiv.com\/wp-content\/uploads\/rambles_featured-1536x768.jpg 1536w, https:\/\/lola.vueloiv.com\/wp-content\/uploads\/rambles_featured-2048x1024.jpg 2048w\" sizes=\"auto, (max-width: 2320px) 100vw, 2320px\" \/><\/a><\/figure>\n\n\n<div class=\"wp-block-group is-vertical is-layout-flex wp-container-core-group-is-layout-3505d962 wp-block-group-is-layout-flex\" style=\"min-height:6px;margin-top:0;margin-bottom:0;padding-top:0;padding-right:0;padding-bottom:0;padding-left:0\"><h2 style=\"font-size:clamp(14px, 0.875rem + ((1vw - 3.2px) * 0.078), 15px);line-height:1.6\" class=\"has-link-color wp-elements-33 wp-block-post-title has-text-color has-foreground-color\"><a href=\"https:\/\/lola.vueloiv.com\/es\/remodelacio-de-la-rambla_bcn-2\/\" target=\"_self\" >remodelaci\u00f3n de las ramblas_barcelona<\/a><\/h2>\n\n<div class=\"has-link-color wp-elements-34 wp-block-post-excerpt has-text-color has-dark-gray-color\"><p class=\"wp-block-post-excerpt__excerpt\">El Ayuntamiento de Barcelona aprueba incialmente el proyecto ejecutivo de remodelaci\u00f3n de las Ramblas, redactado por el equipo de km_ZERO (16\/03\/2021) <\/p><\/div><\/div>\n<\/div>\n\n<\/li><li class=\"wp-block-post post-4158 post type-post status-publish format-standard has-post-thumbnail hentry category-noticias\">\n\n<div class=\"wp-block-group is-nowrap is-layout-flex wp-container-core-group-is-layout-7d734f3b wp-block-group-is-layout-flex\" style=\"padding-top:0;padding-bottom:0\"><figure class=\"wp-block-post-featured-image wp-container-content-edf58e87 wp-states-73caa80d\"><a href=\"https:\/\/lola.vueloiv.com\/es\/residencial-building-four-friends\/\" target=\"_self\" ><img loading=\"lazy\" decoding=\"async\" width=\"2320\" height=\"1160\" src=\"https:\/\/lola.vueloiv.com\/wp-content\/uploads\/PJD_noticia.jpg\" class=\"attachment-full size-full wp-post-image\" alt=\"edificio de viviendas para 4 amigos_barcelona\" style=\"aspect-ratio:3\/2;width:100%;height:222px;width:334px;object-fit:cover;\" srcset=\"https:\/\/lola.vueloiv.com\/wp-content\/uploads\/PJD_noticia.jpg 2320w, https:\/\/lola.vueloiv.com\/wp-content\/uploads\/PJD_noticia-300x150.jpg 300w, https:\/\/lola.vueloiv.com\/wp-content\/uploads\/PJD_noticia-1124x562.jpg 1124w, https:\/\/lola.vueloiv.com\/wp-content\/uploads\/PJD_noticia-150x75.jpg 150w, https:\/\/lola.vueloiv.com\/wp-content\/uploads\/PJD_noticia-768x384.jpg 768w, https:\/\/lola.vueloiv.com\/wp-content\/uploads\/PJD_noticia-1536x768.jpg 1536w, https:\/\/lola.vueloiv.com\/wp-content\/uploads\/PJD_noticia-2048x1024.jpg 2048w\" sizes=\"auto, (max-width: 2320px) 100vw, 2320px\" \/><\/a><\/figure>\n\n\n<div class=\"wp-block-group is-vertical is-layout-flex wp-container-core-group-is-layout-3505d962 wp-block-group-is-layout-flex\" style=\"min-height:6px;margin-top:0;margin-bottom:0;padding-top:0;padding-right:0;padding-bottom:0;padding-left:0\"><h2 style=\"font-size:clamp(14px, 0.875rem + ((1vw - 3.2px) * 0.078), 15px);line-height:1.6\" class=\"has-link-color wp-elements-35 wp-block-post-title has-text-color has-foreground-color\"><a href=\"https:\/\/lola.vueloiv.com\/es\/residencial-building-four-friends\/\" target=\"_self\" >edificio de viviendas para 4 amigos_barcelona<\/a><\/h2>\n\n<div class=\"has-link-color wp-elements-36 wp-block-post-excerpt has-text-color has-dark-gray-color\"><p class=\"wp-block-post-excerpt__excerpt\">2021_FINALISTA_BIENAL ESPA\u00d1OLA DE ARQUITECTURA Y URBANISMO XV 2020_FINALISTA_PREMIOS CATALU\u00d1A CONSTRUCCI\u00d3N 2020_FINALISTA_PREMIOS FAD ARQUITECTURA 2019_PREMIO TECHNAL_HABITAR 2019_SELECCIONADO_OPEN HOUSE 2019_FINALISTA_PREMIOS CER\u00c1MICA <\/p><\/div><\/div>\n<\/div>\n\n<\/li><li class=\"wp-block-post post-3636 post type-post status-publish format-standard has-post-thumbnail hentry category-noticias\">\n\n<div class=\"wp-block-group is-nowrap is-layout-flex wp-container-core-group-is-layout-7d734f3b wp-block-group-is-layout-flex\" style=\"padding-top:0;padding-bottom:0\"><figure class=\"wp-block-post-featured-image wp-container-content-edf58e87 wp-states-73caa80d\"><a href=\"https:\/\/lola.vueloiv.com\/es\/inauguration-memorial-rambles-2019\/\" target=\"_self\" ><img loading=\"lazy\" decoding=\"async\" width=\"870\" height=\"1160\" src=\"https:\/\/lola.vueloiv.com\/wp-content\/uploads\/MR_01.jpg\" class=\"attachment-full size-full wp-post-image\" alt=\"Inauguraci\u00f3n Memorial Rambles 2019\" style=\"aspect-ratio:3\/2;width:100%;height:222px;width:334px;object-fit:cover;\" srcset=\"https:\/\/lola.vueloiv.com\/wp-content\/uploads\/MR_01.jpg 870w, https:\/\/lola.vueloiv.com\/wp-content\/uploads\/MR_01-225x300.jpg 225w, https:\/\/lola.vueloiv.com\/wp-content\/uploads\/MR_01-113x150.jpg 113w, https:\/\/lola.vueloiv.com\/wp-content\/uploads\/MR_01-768x1024.jpg 768w\" sizes=\"auto, (max-width: 870px) 100vw, 870px\" \/><\/a><\/figure>\n\n\n<div class=\"wp-block-group is-vertical is-layout-flex wp-container-core-group-is-layout-3505d962 wp-block-group-is-layout-flex\" style=\"min-height:6px;margin-top:0;margin-bottom:0;padding-top:0;padding-right:0;padding-bottom:0;padding-left:0\"><h2 style=\"font-size:clamp(14px, 0.875rem + ((1vw - 3.2px) * 0.078), 15px);line-height:1.6\" class=\"has-link-color wp-elements-37 wp-block-post-title has-text-color has-foreground-color\"><a href=\"https:\/\/lola.vueloiv.com\/es\/inauguration-memorial-rambles-2019\/\" target=\"_self\" >Inauguraci\u00f3n Memorial Rambles 2019<\/a><\/h2>\n\n<div class=\"has-link-color wp-elements-38 wp-block-post-excerpt has-text-color has-dark-gray-color\"><p class=\"wp-block-post-excerpt__excerpt\">El 04 de marzo de 2019 se inaugura el Memorial Ramblas en recuerdo a las v\u00edctimas del atentado de 17 de agosto de 2017 <\/p><\/div><\/div>\n<\/div>\n\n<\/li><li class=\"wp-block-post post-2827 post type-post status-publish format-standard has-post-thumbnail hentry category-noticias\">\n\n<div class=\"wp-block-group is-nowrap is-layout-flex wp-container-core-group-is-layout-7d734f3b wp-block-group-is-layout-flex\" style=\"padding-top:0;padding-bottom:0\"><figure class=\"wp-block-post-featured-image wp-container-content-edf58e87 wp-states-73caa80d\"><a href=\"https:\/\/lola.vueloiv.com\/es\/remodelacio-de-la-rambla_bcn\/\" target=\"_self\" ><img loading=\"lazy\" decoding=\"async\" width=\"2320\" height=\"1160\" src=\"https:\/\/lola.vueloiv.com\/wp-content\/uploads\/rambles.jpg\" class=\"attachment-full size-full wp-post-image\" alt=\"remodelaci\u00f3n de las ramblas_barcelona\" style=\"aspect-ratio:3\/2;width:100%;height:222px;width:334px;object-fit:cover;\" srcset=\"https:\/\/lola.vueloiv.com\/wp-content\/uploads\/rambles.jpg 2320w, https:\/\/lola.vueloiv.com\/wp-content\/uploads\/rambles-300x150.jpg 300w, https:\/\/lola.vueloiv.com\/wp-content\/uploads\/rambles-1124x562.jpg 1124w, https:\/\/lola.vueloiv.com\/wp-content\/uploads\/rambles-150x75.jpg 150w, https:\/\/lola.vueloiv.com\/wp-content\/uploads\/rambles-768x384.jpg 768w, https:\/\/lola.vueloiv.com\/wp-content\/uploads\/rambles-1536x768.jpg 1536w, https:\/\/lola.vueloiv.com\/wp-content\/uploads\/rambles-2048x1024.jpg 2048w\" sizes=\"auto, (max-width: 2320px) 100vw, 2320px\" \/><\/a><\/figure>\n\n\n<div class=\"wp-block-group is-vertical is-layout-flex wp-container-core-group-is-layout-3505d962 wp-block-group-is-layout-flex\" style=\"min-height:6px;margin-top:0;margin-bottom:0;padding-top:0;padding-right:0;padding-bottom:0;padding-left:0\"><h2 style=\"font-size:clamp(14px, 0.875rem + ((1vw - 3.2px) * 0.078), 15px);line-height:1.6\" class=\"has-link-color wp-elements-39 wp-block-post-title has-text-color has-foreground-color\"><a href=\"https:\/\/lola.vueloiv.com\/es\/remodelacio-de-la-rambla_bcn\/\" target=\"_self\" >remodelaci\u00f3n de las ramblas_barcelona<\/a><\/h2>\n\n<div class=\"has-link-color wp-elements-40 wp-block-post-excerpt has-text-color has-dark-gray-color\"><p class=\"wp-block-post-excerpt__excerpt\">El equipo km_ZERO gana el concurso internacional de las Ramblas de Barcelona (2017) <\/p><\/div><\/div>\n<\/div>\n\n<\/li><li class=\"wp-block-post post-2915 post type-post status-publish format-standard has-post-thumbnail hentry category-noticias\">\n\n<div class=\"wp-block-group is-nowrap is-layout-flex wp-container-core-group-is-layout-7d734f3b wp-block-group-is-layout-flex\" style=\"padding-top:0;padding-bottom:0\"><figure class=\"wp-block-post-featured-image wp-container-content-edf58e87 wp-states-73caa80d\"><a href=\"https:\/\/lola.vueloiv.com\/es\/baluard-del-migdia_public-space\/\" target=\"_self\" ><img loading=\"lazy\" decoding=\"async\" width=\"2320\" height=\"1160\" src=\"https:\/\/lola.vueloiv.com\/wp-content\/uploads\/BLR_1.jpg\" class=\"attachment-full size-full wp-post-image\" alt=\"baluard del migdia_barcelona\" style=\"aspect-ratio:3\/2;width:100%;height:222px;width:334px;object-fit:cover;\" srcset=\"https:\/\/lola.vueloiv.com\/wp-content\/uploads\/BLR_1.jpg 2320w, https:\/\/lola.vueloiv.com\/wp-content\/uploads\/BLR_1-300x150.jpg 300w, https:\/\/lola.vueloiv.com\/wp-content\/uploads\/BLR_1-1124x562.jpg 1124w, https:\/\/lola.vueloiv.com\/wp-content\/uploads\/BLR_1-150x75.jpg 150w, https:\/\/lola.vueloiv.com\/wp-content\/uploads\/BLR_1-768x384.jpg 768w, https:\/\/lola.vueloiv.com\/wp-content\/uploads\/BLR_1-1536x768.jpg 1536w, https:\/\/lola.vueloiv.com\/wp-content\/uploads\/BLR_1-2048x1024.jpg 2048w\" sizes=\"auto, (max-width: 2320px) 100vw, 2320px\" \/><\/a><\/figure>\n\n\n<div class=\"wp-block-group is-vertical is-layout-flex wp-container-core-group-is-layout-3505d962 wp-block-group-is-layout-flex\" style=\"min-height:6px;margin-top:0;margin-bottom:0;padding-top:0;padding-right:0;padding-bottom:0;padding-left:0\"><h2 style=\"font-size:clamp(14px, 0.875rem + ((1vw - 3.2px) * 0.078), 15px);line-height:1.6\" class=\"has-link-color wp-elements-41 wp-block-post-title has-text-color has-foreground-color\"><a href=\"https:\/\/lola.vueloiv.com\/es\/baluard-del-migdia_public-space\/\" target=\"_self\" >baluard del migdia_barcelona<\/a><\/h2>\n\n<div class=\"has-link-color wp-elements-42 wp-block-post-excerpt has-text-color has-dark-gray-color\"><p class=\"wp-block-post-excerpt__excerpt\">2017_FINALISTA_PREMIOS CATALU\u00d1A CONSTRUCCI\u00d3N \/ 2017_SELECCIONADO_PREMIOS FAD \/ 2016_SELECCIONADO_IX BIENNAL INTERNACIONAL DEL PAISAGE <\/p><\/div><\/div>\n<\/div>\n\n<\/li><li class=\"wp-block-post post-2840 post type-post status-publish format-standard has-post-thumbnail hentry category-noticias\">\n\n<div class=\"wp-block-group is-nowrap is-layout-flex wp-container-core-group-is-layout-7d734f3b wp-block-group-is-layout-flex\" style=\"padding-top:0;padding-bottom:0\"><figure class=\"wp-block-post-featured-image wp-container-content-edf58e87 wp-states-73caa80d\"><a href=\"https:\/\/lola.vueloiv.com\/es\/open-house-2017\/\" target=\"_self\" ><img loading=\"lazy\" decoding=\"async\" width=\"2320\" height=\"1160\" src=\"https:\/\/lola.vueloiv.com\/wp-content\/uploads\/GT_3-1.jpg\" class=\"attachment-full size-full wp-post-image\" alt=\"reforma de vivienda_les corts\" style=\"aspect-ratio:3\/2;width:100%;height:222px;width:334px;object-fit:cover;\" srcset=\"https:\/\/lola.vueloiv.com\/wp-content\/uploads\/GT_3-1.jpg 2320w, https:\/\/lola.vueloiv.com\/wp-content\/uploads\/GT_3-1-300x150.jpg 300w, https:\/\/lola.vueloiv.com\/wp-content\/uploads\/GT_3-1-1124x562.jpg 1124w, https:\/\/lola.vueloiv.com\/wp-content\/uploads\/GT_3-1-150x75.jpg 150w, https:\/\/lola.vueloiv.com\/wp-content\/uploads\/GT_3-1-768x384.jpg 768w, https:\/\/lola.vueloiv.com\/wp-content\/uploads\/GT_3-1-1536x768.jpg 1536w, https:\/\/lola.vueloiv.com\/wp-content\/uploads\/GT_3-1-2048x1024.jpg 2048w\" sizes=\"auto, (max-width: 2320px) 100vw, 2320px\" \/><\/a><\/figure>\n\n\n<div class=\"wp-block-group is-vertical is-layout-flex wp-container-core-group-is-layout-3505d962 wp-block-group-is-layout-flex\" style=\"min-height:6px;margin-top:0;margin-bottom:0;padding-top:0;padding-right:0;padding-bottom:0;padding-left:0\"><h2 style=\"font-size:clamp(14px, 0.875rem + ((1vw - 3.2px) * 0.078), 15px);line-height:1.6\" class=\"has-link-color wp-elements-43 wp-block-post-title has-text-color has-foreground-color\"><a href=\"https:\/\/lola.vueloiv.com\/es\/open-house-2017\/\" target=\"_self\" >reforma de vivienda_les corts<\/a><\/h2>\n\n<div class=\"has-link-color wp-elements-44 wp-block-post-excerpt has-text-color has-dark-gray-color\"><p class=\"wp-block-post-excerpt__excerpt\">2017_SELECCIONADO OPEN HOUSE <\/p><\/div><\/div>\n<\/div>\n\n<\/li><\/ul>\n\n\n\n<\/div>\n<\/div>\n<\/div>\n","protected":false},"excerpt":{"rendered":"","protected":false},"author":1,"featured_media":0,"parent":0,"menu_order":0,"comment_status":"closed","ping_status":"closed","template":"","meta":{"_acf_changed":false,"footnotes":""},"class_list":["post-287","page","type-page","status-publish","hentry"],"acf":[],"yoast_head":"<!-- This site is optimized with the Yoast SEO plugin v28.3 - https:\/\/yoast.com\/product\/yoast-seo-wordpress\/ -->\n<title>not\u00edcias - Lola Dom\u00e8nech architect<\/title>\n<meta name=\"robots\" content=\"noindex, follow, max-snippet:-1, max-image-preview:large, max-video-preview:-1\" \/>\n<meta property=\"og:locale\" content=\"es_ES\" \/>\n<meta property=\"og:type\" content=\"article\" \/>\n<meta property=\"og:title\" content=\"not\u00edcias - Lola Dom\u00e8nech architect\" \/>\n<meta property=\"og:url\" content=\"https:\/\/lola.vueloiv.com\/en\/news\/\" \/>\n<meta property=\"og:site_name\" content=\"Lola Dom\u00e8nech architect\" \/>\n<meta property=\"article:modified_time\" content=\"2026-08-28T07:44:03+00:00\" \/>\n<meta name=\"twitter:card\" content=\"summary_large_image\" \/>\n<script type=\"application\/ld+json\" class=\"yoast-schema-graph\">{\"@context\":\"https:\\\/\\\/schema.org\",\"@graph\":[{\"@type\":\"WebPage\",\"@id\":\"https:\\\/\\\/lola.vueloiv.com\\\/en\\\/news\\\/\",\"url\":\"https:\\\/\\\/lola.vueloiv.com\\\/en\\\/news\\\/\",\"name\":\"not\u00edcias - Lola Dom\u00e8nech architect\",\"isPartOf\":{\"@id\":\"https:\\\/\\\/lola.vueloiv.com\\\/en\\\/#website\"},\"datePublished\":\"2017-11-10T12:01:21+00:00\",\"dateModified\":\"2026-08-28T07:44:03+00:00\",\"breadcrumb\":{\"@id\":\"https:\\\/\\\/lola.vueloiv.com\\\/en\\\/news\\\/#breadcrumb\"},\"inLanguage\":\"es\",\"potentialAction\":[{\"@type\":\"ReadAction\",\"target\":[\"https:\\\/\\\/lola.vueloiv.com\\\/en\\\/news\\\/\"]}]},{\"@type\":\"BreadcrumbList\",\"@id\":\"https:\\\/\\\/lola.vueloiv.com\\\/en\\\/news\\\/#breadcrumb\",\"itemListElement\":[{\"@type\":\"ListItem\",\"position\":1,\"name\":\"Home\",\"item\":\"https:\\\/\\\/lola.vueloiv.com\\\/es\\\/\"},{\"@type\":\"ListItem\",\"position\":2,\"name\":\"not\u00edcias\"}]},{\"@type\":\"WebSite\",\"@id\":\"https:\\\/\\\/lola.vueloiv.com\\\/en\\\/#website\",\"url\":\"https:\\\/\\\/lola.vueloiv.com\\\/en\\\/\",\"name\":\"Lola Dom\u00e8nech architect\",\"description\":\"\",\"publisher\":{\"@id\":\"https:\\\/\\\/lola.vueloiv.com\\\/en\\\/#organization\"},\"potentialAction\":[{\"@type\":\"SearchAction\",\"target\":{\"@type\":\"EntryPoint\",\"urlTemplate\":\"https:\\\/\\\/lola.vueloiv.com\\\/en\\\/?s={search_term_string}\"},\"query-input\":{\"@type\":\"PropertyValueSpecification\",\"valueRequired\":true,\"valueName\":\"search_term_string\"}}],\"inLanguage\":\"es\"},{\"@type\":\"Organization\",\"@id\":\"https:\\\/\\\/lola.vueloiv.com\\\/en\\\/#organization\",\"name\":\"Lola Dom\u00e8nech architect\",\"url\":\"https:\\\/\\\/lola.vueloiv.com\\\/en\\\/\",\"logo\":{\"@type\":\"ImageObject\",\"inLanguage\":\"es\",\"@id\":\"https:\\\/\\\/lola.vueloiv.com\\\/en\\\/#\\\/schema\\\/logo\\\/image\\\/\",\"url\":\"https:\\\/\\\/lola.vueloiv.com\\\/wp-content\\\/uploads\\\/2026\\\/08\\\/favicon.png\",\"contentUrl\":\"https:\\\/\\\/lola.vueloiv.com\\\/wp-content\\\/uploads\\\/2026\\\/08\\\/favicon.png\",\"width\":558,\"height\":512,\"caption\":\"Lola Dom\u00e8nech architect\"},\"image\":{\"@id\":\"https:\\\/\\\/lola.vueloiv.com\\\/en\\\/#\\\/schema\\\/logo\\\/image\\\/\"}}]}<\/script>\n<!-- \/ Yoast SEO plugin. -->","yoast_head_json":{"title":"not\u00edcias - Lola Dom\u00e8nech architect","robots":{"index":"noindex","follow":"follow","max-snippet":"max-snippet:-1","max-image-preview":"max-image-preview:large","max-video-preview":"max-video-preview:-1"},"og_locale":"es_ES","og_type":"article","og_title":"not\u00edcias - Lola Dom\u00e8nech architect","og_url":"https:\/\/lola.vueloiv.com\/en\/news\/","og_site_name":"Lola Dom\u00e8nech architect","article_modified_time":"2026-08-28T07:44:03+00:00","twitter_card":"summary_large_image","schema":{"@context":"https:\/\/schema.org","@graph":[{"@type":"WebPage","@id":"https:\/\/lola.vueloiv.com\/en\/news\/","url":"https:\/\/lola.vueloiv.com\/en\/news\/","name":"not\u00edcias - Lola Dom\u00e8nech architect","isPartOf":{"@id":"https:\/\/lola.vueloiv.com\/en\/#website"},"datePublished":"2017-11-10T12:01:21+00:00","dateModified":"2026-08-28T07:44:03+00:00","breadcrumb":{"@id":"https:\/\/lola.vueloiv.com\/en\/news\/#breadcrumb"},"inLanguage":"es","potentialAction":[{"@type":"ReadAction","target":["https:\/\/lola.vueloiv.com\/en\/news\/"]}]},{"@type":"BreadcrumbList","@id":"https:\/\/lola.vueloiv.com\/en\/news\/#breadcrumb","itemListElement":[{"@type":"ListItem","position":1,"name":"Home","item":"https:\/\/lola.vueloiv.com\/es\/"},{"@type":"ListItem","position":2,"name":"not\u00edcias"}]},{"@type":"WebSite","@id":"https:\/\/lola.vueloiv.com\/en\/#website","url":"https:\/\/lola.vueloiv.com\/en\/","name":"Lola Dom\u00e8nech architect","description":"","publisher":{"@id":"https:\/\/lola.vueloiv.com\/en\/#organization"},"potentialAction":[{"@type":"SearchAction","target":{"@type":"EntryPoint","urlTemplate":"https:\/\/lola.vueloiv.com\/en\/?s={search_term_string}"},"query-input":{"@type":"PropertyValueSpecification","valueRequired":true,"valueName":"search_term_string"}}],"inLanguage":"es"},{"@type":"Organization","@id":"https:\/\/lola.vueloiv.com\/en\/#organization","name":"Lola Dom\u00e8nech architect","url":"https:\/\/lola.vueloiv.com\/en\/","logo":{"@type":"ImageObject","inLanguage":"es","@id":"https:\/\/lola.vueloiv.com\/en\/#\/schema\/logo\/image\/","url":"https:\/\/lola.vueloiv.com\/wp-content\/uploads\/2026\/08\/favicon.png","contentUrl":"https:\/\/lola.vueloiv.com\/wp-content\/uploads\/2026\/08\/favicon.png","width":558,"height":512,"caption":"Lola Dom\u00e8nech architect"},"image":{"@id":"https:\/\/lola.vueloiv.com\/en\/#\/schema\/logo\/image\/"}}]}},"_links":{"self":[{"href":"https:\/\/lola.vueloiv.com\/es\/wp-json\/wp\/v2\/pages\/287","targetHints":{"allow":["GET"]}}],"collection":[{"href":"https:\/\/lola.vueloiv.com\/es\/wp-json\/wp\/v2\/pages"}],"about":[{"href":"https:\/\/lola.vueloiv.com\/es\/wp-json\/wp\/v2\/types\/page"}],"author":[{"embeddable":true,"href":"https:\/\/lola.vueloiv.com\/es\/wp-json\/wp\/v2\/users\/1"}],"replies":[{"embeddable":true,"href":"https:\/\/lola.vueloiv.com\/es\/wp-json\/wp\/v2\/comments?post=287"}],"version-history":[{"count":5,"href":"https:\/\/lola.vueloiv.com\/es\/wp-json\/wp\/v2\/pages\/287\/revisions"}],"predecessor-version":[{"id":7331,"href":"https:\/\/lola.vueloiv.com\/es\/wp-json\/wp\/v2\/pages\/287\/revisions\/7331"}],"wp:attachment":[{"href":"https:\/\/lola.vueloiv.com\/es\/wp-json\/wp\/v2\/media?parent=287"}],"curies":[{"name":"wp","href":"https:\/\/api.w.org\/{rel}","templated":true}]}}