{"id":286,"date":"2017-11-10T12:01:21","date_gmt":"2017-11-10T12:01:21","guid":{"rendered":"https:\/\/www.loladomenech.com\/news\/"},"modified":"2026-08-28T07:44:27","modified_gmt":"2026-08-28T07:44:27","slug":"noticies","status":"publish","type":"page","link":"https:\/\/lola.vueloiv.com\/ca\/noticies\/","title":{"rendered":"not\u00edcies"},"content":{"rendered":"<h2 class=\"is-style-page-title is-style-page-title--1 wp-block-post-title\">not\u00edcies<\/h2>\n\n\n<div class=\"wp-block-columns is-layout-flex wp-container-core-columns-is-layout-21452174 wp-block-columns-is-layout-flex\">\n<div class=\"wp-block-column is-layout-flow wp-block-column-is-layout-flow\" style=\"flex-basis:334px\"><\/div>\n\n\n\n<div class=\"wp-block-column is-layout-flow wp-block-column-is-layout-flow\">\n<div class=\"wp-block-query has-global-padding is-layout-constrained wp-block-query-is-layout-constrained\"><ul class=\"wp-block-post-template is-layout-flow wp-container-core-post-template-is-layout-65f64163 wp-block-post-template-is-layout-flow\"><li class=\"wp-block-post post-6519 post type-post status-publish format-standard has-post-thumbnail hentry category-noticies\">\n\n<div class=\"wp-block-group is-nowrap is-layout-flex wp-container-core-group-is-layout-7d734f3b wp-block-group-is-layout-flex\" style=\"padding-top:0;padding-bottom:0\"><figure class=\"wp-block-post-featured-image wp-container-content-edf58e87 wp-states-73caa80d\"><a href=\"https:\/\/lola.vueloiv.com\/ca\/lola-domenech-membre-del-jurat-dels-premis-fad-2026\/\" target=\"_self\" ><img loading=\"lazy\" decoding=\"async\" width=\"600\" height=\"789\" src=\"https:\/\/lola.vueloiv.com\/wp-content\/uploads\/IMG_7529-e1782125168691.jpg\" class=\"attachment-full size-full wp-post-image\" alt=\"Lola Dom\u00e8nech membre del jurat dels Premis FAD 2026\" style=\"aspect-ratio:3\/2;width:100%;height:222px;width:334px;object-fit:cover;\" srcset=\"https:\/\/lola.vueloiv.com\/wp-content\/uploads\/IMG_7529-e1782125168691.jpg 600w, https:\/\/lola.vueloiv.com\/wp-content\/uploads\/IMG_7529-e1782125168691-228x300.jpg 228w, https:\/\/lola.vueloiv.com\/wp-content\/uploads\/IMG_7529-e1782125168691-114x150.jpg 114w\" sizes=\"auto, (max-width: 600px) 100vw, 600px\" \/><\/a><\/figure>\n\n\n<div class=\"wp-block-group is-vertical is-layout-flex wp-container-core-group-is-layout-3505d962 wp-block-group-is-layout-flex\" style=\"min-height:6px;margin-top:0;margin-bottom:0;padding-top:0;padding-right:0;padding-bottom:0;padding-left:0\"><h2 style=\"font-size:clamp(14px, 0.875rem + ((1vw - 3.2px) * 0.078), 15px);line-height:1.6\" class=\"has-link-color wp-elements-1 wp-block-post-title has-text-color has-foreground-color\"><a href=\"https:\/\/lola.vueloiv.com\/ca\/lola-domenech-membre-del-jurat-dels-premis-fad-2026\/\" target=\"_self\" >Lola Dom\u00e8nech membre del jurat dels Premis FAD 2026<\/a><\/h2>\n\n<div class=\"has-link-color wp-elements-2 wp-block-post-excerpt has-text-color has-dark-gray-color\"><p class=\"wp-block-post-excerpt__excerpt\">Lola Dom\u00e8nech participa com a membre del jurat dels Premis FAD d&#8217;Arquitectura i Interiorisme 2026 juntament amb Margarita Jover, Aleix Alexandre, Javier Jim\u00e9nez, Joao&hellip; <\/p><\/div><\/div>\n<\/div>\n\n<\/li><li class=\"wp-block-post post-5870 post type-post status-publish format-standard has-post-thumbnail hentry category-noticies\">\n\n<div class=\"wp-block-group is-nowrap is-layout-flex wp-container-core-group-is-layout-7d734f3b wp-block-group-is-layout-flex\" style=\"padding-top:0;padding-bottom:0\"><figure class=\"wp-block-post-featured-image wp-container-content-edf58e87 wp-states-73caa80d\"><a href=\"https:\/\/lola.vueloiv.com\/ca\/simposi-paisatge-urba-la-capitalitat-mundial-de-larquitectura-de-barcelona-de-simon\/\" target=\"_self\" ><img loading=\"lazy\" decoding=\"async\" width=\"2320\" height=\"1160\" src=\"https:\/\/lola.vueloiv.com\/wp-content\/uploads\/05-1.png\" class=\"attachment-full size-full wp-post-image\" alt=\"Simposi \u00abPaisatge Urb\u00e0 i Barcelona com a Capital Mundial de l&#8217;Arquitectura\u00bb de SIMON\" style=\"aspect-ratio:3\/2;width:100%;height:222px;width:334px;object-fit:cover;\" srcset=\"https:\/\/lola.vueloiv.com\/wp-content\/uploads\/05-1.png 2320w, https:\/\/lola.vueloiv.com\/wp-content\/uploads\/05-1-300x150.png 300w, https:\/\/lola.vueloiv.com\/wp-content\/uploads\/05-1-1124x562.png 1124w, https:\/\/lola.vueloiv.com\/wp-content\/uploads\/05-1-150x75.png 150w, https:\/\/lola.vueloiv.com\/wp-content\/uploads\/05-1-768x384.png 768w, https:\/\/lola.vueloiv.com\/wp-content\/uploads\/05-1-1536x768.png 1536w, https:\/\/lola.vueloiv.com\/wp-content\/uploads\/05-1-2048x1024.png 2048w\" sizes=\"auto, (max-width: 2320px) 100vw, 2320px\" \/><\/a><\/figure>\n\n\n<div class=\"wp-block-group is-vertical is-layout-flex wp-container-core-group-is-layout-3505d962 wp-block-group-is-layout-flex\" style=\"min-height:6px;margin-top:0;margin-bottom:0;padding-top:0;padding-right:0;padding-bottom:0;padding-left:0\"><h2 style=\"font-size:clamp(14px, 0.875rem + ((1vw - 3.2px) * 0.078), 15px);line-height:1.6\" class=\"has-link-color wp-elements-3 wp-block-post-title has-text-color has-foreground-color\"><a href=\"https:\/\/lola.vueloiv.com\/ca\/simposi-paisatge-urba-la-capitalitat-mundial-de-larquitectura-de-barcelona-de-simon\/\" target=\"_self\" >Simposi \u00abPaisatge Urb\u00e0 i Barcelona com a Capital Mundial de l&#8217;Arquitectura\u00bb de SIMON<\/a><\/h2>\n\n<div class=\"has-link-color wp-elements-4 wp-block-post-excerpt has-text-color has-dark-gray-color\"><p class=\"wp-block-post-excerpt__excerpt\">El passat 26 de setembre, SIMON electric va organizar el 3r Simposi \u00abPaisatge Urb\u00e0 i Barcelona com a Capital Mundial de l&#8217;Arquitectura\u201d i va&hellip; <\/p><\/div><\/div>\n<\/div>\n\n<\/li><li class=\"wp-block-post post-5819 post type-post status-publish format-standard has-post-thumbnail hentry category-noticies\">\n\n<div class=\"wp-block-group is-nowrap is-layout-flex wp-container-core-group-is-layout-7d734f3b wp-block-group-is-layout-flex\" style=\"padding-top:0;padding-bottom:0\"><figure class=\"wp-block-post-featured-image wp-container-content-edf58e87 wp-states-73caa80d\"><a href=\"https:\/\/lola.vueloiv.com\/ca\/la-nova-vella-rambla\/\" target=\"_self\" ><img loading=\"lazy\" decoding=\"async\" width=\"2320\" height=\"1160\" src=\"https:\/\/lola.vueloiv.com\/wp-content\/uploads\/RAMBLA_COLON.png\" class=\"attachment-full size-full wp-post-image\" alt=\"La Nova Vella Rambla\" style=\"aspect-ratio:3\/2;width:100%;height:222px;width:334px;object-fit:cover;\" srcset=\"https:\/\/lola.vueloiv.com\/wp-content\/uploads\/RAMBLA_COLON.png 2320w, https:\/\/lola.vueloiv.com\/wp-content\/uploads\/RAMBLA_COLON-300x150.png 300w, https:\/\/lola.vueloiv.com\/wp-content\/uploads\/RAMBLA_COLON-1124x562.png 1124w, https:\/\/lola.vueloiv.com\/wp-content\/uploads\/RAMBLA_COLON-150x75.png 150w, https:\/\/lola.vueloiv.com\/wp-content\/uploads\/RAMBLA_COLON-768x384.png 768w, https:\/\/lola.vueloiv.com\/wp-content\/uploads\/RAMBLA_COLON-1536x768.png 1536w, https:\/\/lola.vueloiv.com\/wp-content\/uploads\/RAMBLA_COLON-2048x1024.png 2048w\" sizes=\"auto, (max-width: 2320px) 100vw, 2320px\" \/><\/a><\/figure>\n\n\n<div class=\"wp-block-group is-vertical is-layout-flex wp-container-core-group-is-layout-3505d962 wp-block-group-is-layout-flex\" style=\"min-height:6px;margin-top:0;margin-bottom:0;padding-top:0;padding-right:0;padding-bottom:0;padding-left:0\"><h2 style=\"font-size:clamp(14px, 0.875rem + ((1vw - 3.2px) * 0.078), 15px);line-height:1.6\" class=\"has-link-color wp-elements-5 wp-block-post-title has-text-color has-foreground-color\"><a href=\"https:\/\/lola.vueloiv.com\/ca\/la-nova-vella-rambla\/\" target=\"_self\" >La Nova Vella Rambla<\/a><\/h2>\n\n<div class=\"has-link-color wp-elements-6 wp-block-post-excerpt has-text-color has-dark-gray-color\"><p class=\"wp-block-post-excerpt__excerpt\">Article de Ianko L\u00f3pez per ICON Design d&#8217;El Pa\u00eds. &nbsp; <\/p><\/div><\/div>\n<\/div>\n\n<\/li><li class=\"wp-block-post post-5751 post type-post status-publish format-standard has-post-thumbnail hentry category-noticies\">\n\n<div class=\"wp-block-group is-nowrap is-layout-flex wp-container-core-group-is-layout-7d734f3b wp-block-group-is-layout-flex\" style=\"padding-top:0;padding-bottom:0\"><figure class=\"wp-block-post-featured-image wp-container-content-edf58e87 wp-states-73caa80d\"><a href=\"https:\/\/lola.vueloiv.com\/ca\/conclouen-les-obres-de-lambit-1-de-la-rambla\/\" target=\"_self\" ><img loading=\"lazy\" decoding=\"async\" width=\"2320\" height=\"1160\" src=\"https:\/\/lola.vueloiv.com\/wp-content\/uploads\/01-4.jpg\" class=\"attachment-full size-full wp-post-image\" alt=\"Conclouen les obres de l&#8217;\u00e0mbit 1 de la Rambla\" style=\"aspect-ratio:3\/2;width:100%;height:222px;width:334px;object-fit:cover;\" srcset=\"https:\/\/lola.vueloiv.com\/wp-content\/uploads\/01-4.jpg 2320w, https:\/\/lola.vueloiv.com\/wp-content\/uploads\/01-4-300x150.jpg 300w, https:\/\/lola.vueloiv.com\/wp-content\/uploads\/01-4-1124x562.jpg 1124w, https:\/\/lola.vueloiv.com\/wp-content\/uploads\/01-4-150x75.jpg 150w, https:\/\/lola.vueloiv.com\/wp-content\/uploads\/01-4-768x384.jpg 768w, https:\/\/lola.vueloiv.com\/wp-content\/uploads\/01-4-1536x768.jpg 1536w, https:\/\/lola.vueloiv.com\/wp-content\/uploads\/01-4-2048x1024.jpg 2048w\" sizes=\"auto, (max-width: 2320px) 100vw, 2320px\" \/><\/a><\/figure>\n\n\n<div class=\"wp-block-group is-vertical is-layout-flex wp-container-core-group-is-layout-3505d962 wp-block-group-is-layout-flex\" style=\"min-height:6px;margin-top:0;margin-bottom:0;padding-top:0;padding-right:0;padding-bottom:0;padding-left:0\"><h2 style=\"font-size:clamp(14px, 0.875rem + ((1vw - 3.2px) * 0.078), 15px);line-height:1.6\" class=\"has-link-color wp-elements-7 wp-block-post-title has-text-color has-foreground-color\"><a href=\"https:\/\/lola.vueloiv.com\/ca\/conclouen-les-obres-de-lambit-1-de-la-rambla\/\" target=\"_self\" >Conclouen les obres de l&#8217;\u00e0mbit 1 de la Rambla<\/a><\/h2>\n\n<div class=\"has-link-color wp-elements-8 wp-block-post-excerpt has-text-color has-dark-gray-color\"><p class=\"wp-block-post-excerpt__excerpt\">https:\/\/www.thenewbarcelonapost.com\/la-rambla-empieza-a-mostrar-su-nueva-cara-con-las-obras-acabadas-en-colon\/ Conclouen les obres de l&#8217;\u00e0mbit 1 de la Rambla. Queda pendent la vegetaci\u00f3 que, per motius de sequera, es plantar\u00e0 despr\u00e9s de l&#8217;estiu.&hellip; <\/p><\/div><\/div>\n<\/div>\n\n<\/li><li class=\"wp-block-post post-5647 post type-post status-publish format-standard has-post-thumbnail hentry category-noticies\">\n\n<div class=\"wp-block-group is-nowrap is-layout-flex wp-container-core-group-is-layout-7d734f3b wp-block-group-is-layout-flex\" style=\"padding-top:0;padding-bottom:0\"><figure class=\"wp-block-post-featured-image wp-container-content-edf58e87 wp-states-73caa80d\"><a href=\"https:\/\/lola.vueloiv.com\/ca\/continue-works-rambles\/\" target=\"_self\" ><img loading=\"lazy\" decoding=\"async\" width=\"2320\" height=\"1160\" src=\"https:\/\/lola.vueloiv.com\/wp-content\/uploads\/PORTADA.png\" class=\"attachment-full size-full wp-post-image\" alt=\"Continuem les obres Rambles\" style=\"aspect-ratio:3\/2;width:100%;height:222px;width:334px;object-fit:cover;\" srcset=\"https:\/\/lola.vueloiv.com\/wp-content\/uploads\/PORTADA.png 2320w, https:\/\/lola.vueloiv.com\/wp-content\/uploads\/PORTADA-300x150.png 300w, https:\/\/lola.vueloiv.com\/wp-content\/uploads\/PORTADA-1124x562.png 1124w, https:\/\/lola.vueloiv.com\/wp-content\/uploads\/PORTADA-150x75.png 150w, https:\/\/lola.vueloiv.com\/wp-content\/uploads\/PORTADA-768x384.png 768w, https:\/\/lola.vueloiv.com\/wp-content\/uploads\/PORTADA-1536x768.png 1536w, https:\/\/lola.vueloiv.com\/wp-content\/uploads\/PORTADA-2048x1024.png 2048w\" sizes=\"auto, (max-width: 2320px) 100vw, 2320px\" \/><\/a><\/figure>\n\n\n<div class=\"wp-block-group is-vertical is-layout-flex wp-container-core-group-is-layout-3505d962 wp-block-group-is-layout-flex\" style=\"min-height:6px;margin-top:0;margin-bottom:0;padding-top:0;padding-right:0;padding-bottom:0;padding-left:0\"><h2 style=\"font-size:clamp(14px, 0.875rem + ((1vw - 3.2px) * 0.078), 15px);line-height:1.6\" class=\"has-link-color wp-elements-9 wp-block-post-title has-text-color has-foreground-color\"><a href=\"https:\/\/lola.vueloiv.com\/ca\/continue-works-rambles\/\" target=\"_self\" >Continuem les obres Rambles<\/a><\/h2>\n\n<div class=\"has-link-color wp-elements-10 wp-block-post-excerpt has-text-color has-dark-gray-color\"><p class=\"wp-block-post-excerpt__excerpt\">Avui, 28 de maig de 2024, arrenquen les obres Rambles fase 2-5\u00a0(Santa M\u00f2nica &#8211; Pla\u00e7a Catalunya) Es preveu la seva execuci\u00f3 en 32 mesos.&hellip; <\/p><\/div><\/div>\n<\/div>\n\n<\/li><li class=\"wp-block-post post-5448 post type-post status-publish format-standard has-post-thumbnail hentry category-noticies\">\n\n<div class=\"wp-block-group is-nowrap is-layout-flex wp-container-core-group-is-layout-7d734f3b wp-block-group-is-layout-flex\" style=\"padding-top:0;padding-bottom:0\"><figure class=\"wp-block-post-featured-image wp-container-content-edf58e87 wp-states-73caa80d\"><a href=\"https:\/\/lola.vueloiv.com\/ca\/shortlisted-arquifad-awards-fad\/\" target=\"_self\" ><img loading=\"lazy\" decoding=\"async\" width=\"2320\" height=\"1160\" src=\"https:\/\/lola.vueloiv.com\/wp-content\/uploads\/PORTADA-PREMI-FAD.jpg\" class=\"attachment-full size-full wp-post-image\" alt=\"Shortlisted in the ArquiFAD awards \u2013 FAD\" style=\"aspect-ratio:3\/2;width:100%;height:222px;width:334px;object-fit:cover;\" srcset=\"https:\/\/lola.vueloiv.com\/wp-content\/uploads\/PORTADA-PREMI-FAD.jpg 2320w, https:\/\/lola.vueloiv.com\/wp-content\/uploads\/PORTADA-PREMI-FAD-300x150.jpg 300w, https:\/\/lola.vueloiv.com\/wp-content\/uploads\/PORTADA-PREMI-FAD-1124x562.jpg 1124w, https:\/\/lola.vueloiv.com\/wp-content\/uploads\/PORTADA-PREMI-FAD-150x75.jpg 150w, https:\/\/lola.vueloiv.com\/wp-content\/uploads\/PORTADA-PREMI-FAD-768x384.jpg 768w, https:\/\/lola.vueloiv.com\/wp-content\/uploads\/PORTADA-PREMI-FAD-1536x768.jpg 1536w, https:\/\/lola.vueloiv.com\/wp-content\/uploads\/PORTADA-PREMI-FAD-2048x1024.jpg 2048w\" sizes=\"auto, (max-width: 2320px) 100vw, 2320px\" \/><\/a><\/figure>\n\n\n<div class=\"wp-block-group is-vertical is-layout-flex wp-container-core-group-is-layout-3505d962 wp-block-group-is-layout-flex\" style=\"min-height:6px;margin-top:0;margin-bottom:0;padding-top:0;padding-right:0;padding-bottom:0;padding-left:0\"><h2 style=\"font-size:clamp(14px, 0.875rem + ((1vw - 3.2px) * 0.078), 15px);line-height:1.6\" class=\"has-link-color wp-elements-11 wp-block-post-title has-text-color has-foreground-color\"><a href=\"https:\/\/lola.vueloiv.com\/ca\/shortlisted-arquifad-awards-fad\/\" target=\"_self\" >Shortlisted in the ArquiFAD awards \u2013 FAD<\/a><\/h2>\n\n<div class=\"has-link-color wp-elements-12 wp-block-post-excerpt has-text-color has-dark-gray-color\"><p class=\"wp-block-post-excerpt__excerpt\">We are happy to announce that\u00a0our project\u00a0urbanization of avenue catalunya at st antoni de calonge\u00a0has been selected\u00a0for the\u00a0ArquiFAD awards,\u00a0organised by FAD. We would like&hellip; <\/p><\/div><\/div>\n<\/div>\n\n<\/li><li class=\"wp-block-post post-5430 post type-post status-publish format-standard has-post-thumbnail hentry category-noticies\">\n\n<div class=\"wp-block-group is-nowrap is-layout-flex wp-container-core-group-is-layout-7d734f3b wp-block-group-is-layout-flex\" style=\"padding-top:0;padding-bottom:0\"><figure class=\"wp-block-post-featured-image wp-container-content-edf58e87 wp-states-73caa80d\"><a href=\"https:\/\/lola.vueloiv.com\/ca\/5425\/\" target=\"_self\" ><img loading=\"lazy\" decoding=\"async\" width=\"2320\" height=\"1160\" src=\"https:\/\/lola.vueloiv.com\/wp-content\/uploads\/PORTADA-PREMI-CSCAE.jpg\" class=\"attachment-full size-full wp-post-image\" alt=\"Seleccionats als Premios Arquitectura 2024 &#8211; CSCAE\" style=\"aspect-ratio:3\/2;width:100%;height:222px;width:334px;object-fit:cover;\" srcset=\"https:\/\/lola.vueloiv.com\/wp-content\/uploads\/PORTADA-PREMI-CSCAE.jpg 2320w, https:\/\/lola.vueloiv.com\/wp-content\/uploads\/PORTADA-PREMI-CSCAE-300x150.jpg 300w, https:\/\/lola.vueloiv.com\/wp-content\/uploads\/PORTADA-PREMI-CSCAE-1124x562.jpg 1124w, https:\/\/lola.vueloiv.com\/wp-content\/uploads\/PORTADA-PREMI-CSCAE-150x75.jpg 150w, https:\/\/lola.vueloiv.com\/wp-content\/uploads\/PORTADA-PREMI-CSCAE-768x384.jpg 768w, https:\/\/lola.vueloiv.com\/wp-content\/uploads\/PORTADA-PREMI-CSCAE-1536x768.jpg 1536w, https:\/\/lola.vueloiv.com\/wp-content\/uploads\/PORTADA-PREMI-CSCAE-2048x1024.jpg 2048w\" sizes=\"auto, (max-width: 2320px) 100vw, 2320px\" \/><\/a><\/figure>\n\n\n<div class=\"wp-block-group is-vertical is-layout-flex wp-container-core-group-is-layout-3505d962 wp-block-group-is-layout-flex\" style=\"min-height:6px;margin-top:0;margin-bottom:0;padding-top:0;padding-right:0;padding-bottom:0;padding-left:0\"><h2 style=\"font-size:clamp(14px, 0.875rem + ((1vw - 3.2px) * 0.078), 15px);line-height:1.6\" class=\"has-link-color wp-elements-13 wp-block-post-title has-text-color has-foreground-color\"><a href=\"https:\/\/lola.vueloiv.com\/ca\/5425\/\" target=\"_self\" >Seleccionats als Premios Arquitectura 2024 &#8211; CSCAE<\/a><\/h2>\n\n<div class=\"has-link-color wp-elements-14 wp-block-post-excerpt has-text-color has-dark-gray-color\"><p class=\"wp-block-post-excerpt__excerpt\">Molt contents d\u2019anunciar que el nostre projecte\u00a0reurbanitzaci\u00f3 de l\u2019av catalunya, st antoni de calonge (tram gambina\/ fraret) ha estat seleccionat als Premios Arquitectura, organitzat&hellip; <\/p><\/div><\/div>\n<\/div>\n\n<\/li><li class=\"wp-block-post post-5327 post type-post status-publish format-standard has-post-thumbnail hentry category-noticies\">\n\n<div class=\"wp-block-group is-nowrap is-layout-flex wp-container-core-group-is-layout-7d734f3b wp-block-group-is-layout-flex\" style=\"padding-top:0;padding-bottom:0\"><figure class=\"wp-block-post-featured-image wp-container-content-edf58e87 wp-states-73caa80d\"><a href=\"https:\/\/lola.vueloiv.com\/ca\/5327\/\" target=\"_self\" ><img loading=\"lazy\" decoding=\"async\" width=\"2320\" height=\"1160\" src=\"https:\/\/lola.vueloiv.com\/wp-content\/uploads\/Viviendas-Cubierta-Lomo-y-Contra-1.jpg\" class=\"attachment-full size-full wp-post-image\" alt=\"Portada del llibre Viviendas-Housing, d&#8217;Arquitectura Viva\" style=\"aspect-ratio:3\/2;width:100%;height:222px;width:334px;object-fit:cover;\" srcset=\"https:\/\/lola.vueloiv.com\/wp-content\/uploads\/Viviendas-Cubierta-Lomo-y-Contra-1.jpg 2320w, https:\/\/lola.vueloiv.com\/wp-content\/uploads\/Viviendas-Cubierta-Lomo-y-Contra-1-300x150.jpg 300w, https:\/\/lola.vueloiv.com\/wp-content\/uploads\/Viviendas-Cubierta-Lomo-y-Contra-1-1124x562.jpg 1124w, https:\/\/lola.vueloiv.com\/wp-content\/uploads\/Viviendas-Cubierta-Lomo-y-Contra-1-150x75.jpg 150w, https:\/\/lola.vueloiv.com\/wp-content\/uploads\/Viviendas-Cubierta-Lomo-y-Contra-1-768x384.jpg 768w, https:\/\/lola.vueloiv.com\/wp-content\/uploads\/Viviendas-Cubierta-Lomo-y-Contra-1-1536x768.jpg 1536w, https:\/\/lola.vueloiv.com\/wp-content\/uploads\/Viviendas-Cubierta-Lomo-y-Contra-1-2048x1024.jpg 2048w\" sizes=\"auto, (max-width: 2320px) 100vw, 2320px\" \/><\/a><\/figure>\n\n\n<div class=\"wp-block-group is-vertical is-layout-flex wp-container-core-group-is-layout-3505d962 wp-block-group-is-layout-flex\" style=\"min-height:6px;margin-top:0;margin-bottom:0;padding-top:0;padding-right:0;padding-bottom:0;padding-left:0\"><h2 style=\"font-size:clamp(14px, 0.875rem + ((1vw - 3.2px) * 0.078), 15px);line-height:1.6\" class=\"has-link-color wp-elements-15 wp-block-post-title has-text-color has-foreground-color\"><a href=\"https:\/\/lola.vueloiv.com\/ca\/5327\/\" target=\"_self\" >Portada del llibre Viviendas-Housing, d&#8217;Arquitectura Viva<\/a><\/h2>\n\n<div class=\"has-link-color wp-elements-16 wp-block-post-excerpt has-text-color has-dark-gray-color\"><p class=\"wp-block-post-excerpt__excerpt\">Molt contents d&#8217;anunciar que la fa\u00e7ana del nostre projecte\u00a0edifici d\u2019habitatges per a 4 amics, a Barcelona, constitueix la portada del llibre Vivendas-Housing, d&#8217;Arquitectura Viva,&hellip; <\/p><\/div><\/div>\n<\/div>\n\n<\/li><li class=\"wp-block-post post-5341 post type-post status-publish format-standard has-post-thumbnail hentry category-noticies\">\n\n<div class=\"wp-block-group is-nowrap is-layout-flex wp-container-core-group-is-layout-7d734f3b wp-block-group-is-layout-flex\" style=\"padding-top:0;padding-bottom:0\"><figure class=\"wp-block-post-featured-image wp-container-content-edf58e87 wp-states-73caa80d\"><a href=\"https:\/\/lola.vueloiv.com\/ca\/5341\/\" target=\"_self\" ><img loading=\"lazy\" decoding=\"async\" width=\"2320\" height=\"1160\" src=\"https:\/\/lola.vueloiv.com\/wp-content\/uploads\/FEATURED-IMAGE.jpg\" class=\"attachment-full size-full wp-post-image\" alt=\"Finalitzada la primera fase de les obres a Calonge\" style=\"aspect-ratio:3\/2;width:100%;height:222px;width:334px;object-fit:cover;\" srcset=\"https:\/\/lola.vueloiv.com\/wp-content\/uploads\/FEATURED-IMAGE.jpg 2320w, https:\/\/lola.vueloiv.com\/wp-content\/uploads\/FEATURED-IMAGE-300x150.jpg 300w, https:\/\/lola.vueloiv.com\/wp-content\/uploads\/FEATURED-IMAGE-1124x562.jpg 1124w, https:\/\/lola.vueloiv.com\/wp-content\/uploads\/FEATURED-IMAGE-150x75.jpg 150w, https:\/\/lola.vueloiv.com\/wp-content\/uploads\/FEATURED-IMAGE-768x384.jpg 768w, https:\/\/lola.vueloiv.com\/wp-content\/uploads\/FEATURED-IMAGE-1536x768.jpg 1536w, https:\/\/lola.vueloiv.com\/wp-content\/uploads\/FEATURED-IMAGE-2048x1024.jpg 2048w\" sizes=\"auto, (max-width: 2320px) 100vw, 2320px\" \/><\/a><\/figure>\n\n\n<div class=\"wp-block-group is-vertical is-layout-flex wp-container-core-group-is-layout-3505d962 wp-block-group-is-layout-flex\" style=\"min-height:6px;margin-top:0;margin-bottom:0;padding-top:0;padding-right:0;padding-bottom:0;padding-left:0\"><h2 style=\"font-size:clamp(14px, 0.875rem + ((1vw - 3.2px) * 0.078), 15px);line-height:1.6\" class=\"has-link-color wp-elements-17 wp-block-post-title has-text-color has-foreground-color\"><a href=\"https:\/\/lola.vueloiv.com\/ca\/5341\/\" target=\"_self\" >Finalitzada la primera fase de les obres a Calonge<\/a><\/h2>\n\n<div class=\"has-link-color wp-elements-18 wp-block-post-excerpt has-text-color has-dark-gray-color\"><p class=\"wp-block-post-excerpt__excerpt\">Contents d&#8217;anunciar que la primera fase de les obres del nostre projecte\u00a0reurbanitzaci\u00f3 de l\u2019av catalunya , st antoni de calonge han estat finalitzades. Gr\u00e0cies&hellip; <\/p><\/div><\/div>\n<\/div>\n\n<\/li><li class=\"wp-block-post post-5168 post type-post status-publish format-standard has-post-thumbnail hentry category-noticies\">\n\n<div class=\"wp-block-group is-nowrap is-layout-flex wp-container-core-group-is-layout-7d734f3b wp-block-group-is-layout-flex\" style=\"padding-top:0;padding-bottom:0\"><figure class=\"wp-block-post-featured-image wp-container-content-edf58e87 wp-states-73caa80d\"><a href=\"https:\/\/lola.vueloiv.com\/ca\/residential-building-4-friends_barcelona\/\" target=\"_self\" ><img loading=\"lazy\" decoding=\"async\" width=\"2320\" height=\"1160\" src=\"https:\/\/lola.vueloiv.com\/wp-content\/uploads\/04_PJ_LD_6.jpg\" class=\"attachment-full size-full wp-post-image\" alt=\"edifici d\u2019habitatges per a 4 amics_barcelona\" style=\"aspect-ratio:3\/2;width:100%;height:222px;width:334px;object-fit:cover;\" srcset=\"https:\/\/lola.vueloiv.com\/wp-content\/uploads\/04_PJ_LD_6.jpg 2320w, https:\/\/lola.vueloiv.com\/wp-content\/uploads\/04_PJ_LD_6-300x150.jpg 300w, https:\/\/lola.vueloiv.com\/wp-content\/uploads\/04_PJ_LD_6-1124x562.jpg 1124w, https:\/\/lola.vueloiv.com\/wp-content\/uploads\/04_PJ_LD_6-150x75.jpg 150w, https:\/\/lola.vueloiv.com\/wp-content\/uploads\/04_PJ_LD_6-768x384.jpg 768w, https:\/\/lola.vueloiv.com\/wp-content\/uploads\/04_PJ_LD_6-1536x768.jpg 1536w, https:\/\/lola.vueloiv.com\/wp-content\/uploads\/04_PJ_LD_6-2048x1024.jpg 2048w\" sizes=\"auto, (max-width: 2320px) 100vw, 2320px\" \/><\/a><\/figure>\n\n\n<div class=\"wp-block-group is-vertical is-layout-flex wp-container-core-group-is-layout-3505d962 wp-block-group-is-layout-flex\" style=\"min-height:6px;margin-top:0;margin-bottom:0;padding-top:0;padding-right:0;padding-bottom:0;padding-left:0\"><h2 style=\"font-size:clamp(14px, 0.875rem + ((1vw - 3.2px) * 0.078), 15px);line-height:1.6\" class=\"has-link-color wp-elements-19 wp-block-post-title has-text-color has-foreground-color\"><a href=\"https:\/\/lola.vueloiv.com\/ca\/residential-building-4-friends_barcelona\/\" target=\"_self\" >edifici d\u2019habitatges per a 4 amics_barcelona<\/a><\/h2>\n\n<div class=\"has-link-color wp-elements-20 wp-block-post-excerpt has-text-color has-dark-gray-color\"><p class=\"wp-block-post-excerpt__excerpt\">WATA_ World archicteture award_Collective housing. Paris 2022 El passat 4 d&#8217;octubre es va fer entrega a Paris del premi WATA 2022 per l&#8217;edifici d&#8217;habitatges&hellip; <\/p><\/div><\/div>\n<\/div>\n\n<\/li><li class=\"wp-block-post post-5158 post type-post status-publish format-standard has-post-thumbnail hentry category-noticies\">\n\n<div class=\"wp-block-group is-nowrap is-layout-flex wp-container-core-group-is-layout-7d734f3b wp-block-group-is-layout-flex\" style=\"padding-top:0;padding-bottom:0\"><figure class=\"wp-block-post-featured-image wp-container-content-edf58e87 wp-states-73caa80d\"><a href=\"https:\/\/lola.vueloiv.com\/ca\/urbanization-avenue-catalunya-st-antoni-de-calonge_-barcelona\/\" target=\"_self\" ><img loading=\"lazy\" decoding=\"async\" width=\"2320\" height=\"1160\" src=\"https:\/\/lola.vueloiv.com\/wp-content\/uploads\/075_Render_Prop.jpg\" class=\"attachment-full size-full wp-post-image\" alt=\"reurbanitzaci\u00f3 de l\u2019av catalunya , st antoni de calonge  (tram gambina\/ fraret)\" style=\"aspect-ratio:3\/2;width:100%;height:222px;width:334px;object-fit:cover;\" srcset=\"https:\/\/lola.vueloiv.com\/wp-content\/uploads\/075_Render_Prop.jpg 2320w, https:\/\/lola.vueloiv.com\/wp-content\/uploads\/075_Render_Prop-300x150.jpg 300w, https:\/\/lola.vueloiv.com\/wp-content\/uploads\/075_Render_Prop-1124x562.jpg 1124w, https:\/\/lola.vueloiv.com\/wp-content\/uploads\/075_Render_Prop-150x75.jpg 150w, https:\/\/lola.vueloiv.com\/wp-content\/uploads\/075_Render_Prop-768x384.jpg 768w, https:\/\/lola.vueloiv.com\/wp-content\/uploads\/075_Render_Prop-1536x768.jpg 1536w, https:\/\/lola.vueloiv.com\/wp-content\/uploads\/075_Render_Prop-2048x1024.jpg 2048w\" sizes=\"auto, (max-width: 2320px) 100vw, 2320px\" \/><\/a><\/figure>\n\n\n<div class=\"wp-block-group is-vertical is-layout-flex wp-container-core-group-is-layout-3505d962 wp-block-group-is-layout-flex\" style=\"min-height:6px;margin-top:0;margin-bottom:0;padding-top:0;padding-right:0;padding-bottom:0;padding-left:0\"><h2 style=\"font-size:clamp(14px, 0.875rem + ((1vw - 3.2px) * 0.078), 15px);line-height:1.6\" class=\"has-link-color wp-elements-21 wp-block-post-title has-text-color has-foreground-color\"><a href=\"https:\/\/lola.vueloiv.com\/ca\/urbanization-avenue-catalunya-st-antoni-de-calonge_-barcelona\/\" target=\"_self\" >reurbanitzaci\u00f3 de l\u2019av catalunya , st antoni de calonge  (tram gambina\/ fraret)<\/a><\/h2>\n\n<div class=\"has-link-color wp-elements-22 wp-block-post-excerpt has-text-color has-dark-gray-color\"><p class=\"wp-block-post-excerpt__excerpt\">El passat 15 de septiembre s\u2019han iniciat les obres de transformaci\u00f3 de l\u2019avinguda Catalunya en la via verda urbana de Sant Antoni de Calonge. <\/p><\/div><\/div>\n<\/div>\n\n<\/li><li class=\"wp-block-post post-5140 post type-post status-publish format-standard has-post-thumbnail hentry category-noticies\">\n\n<div class=\"wp-block-group is-nowrap is-layout-flex wp-container-core-group-is-layout-7d734f3b wp-block-group-is-layout-flex\" style=\"padding-top:0;padding-bottom:0\"><figure class=\"wp-block-post-featured-image wp-container-content-edf58e87 wp-states-73caa80d\"><a href=\"https:\/\/lola.vueloiv.com\/ca\/refurbishment-les-rambles_barcelona\/\" target=\"_self\" ><img loading=\"lazy\" decoding=\"async\" width=\"960\" height=\"640\" src=\"https:\/\/lola.vueloiv.com\/wp-content\/uploads\/Aeria-02.jpg\" class=\"attachment-full size-full wp-post-image\" alt=\"remodelaci\u00f3 de les rambles_barcelona\" style=\"aspect-ratio:3\/2;width:100%;height:222px;width:334px;object-fit:cover;\" srcset=\"https:\/\/lola.vueloiv.com\/wp-content\/uploads\/Aeria-02.jpg 960w, https:\/\/lola.vueloiv.com\/wp-content\/uploads\/Aeria-02-300x200.jpg 300w, https:\/\/lola.vueloiv.com\/wp-content\/uploads\/Aeria-02-150x100.jpg 150w, https:\/\/lola.vueloiv.com\/wp-content\/uploads\/Aeria-02-768x512.jpg 768w\" sizes=\"auto, (max-width: 960px) 100vw, 960px\" \/><\/a><\/figure>\n\n\n<div class=\"wp-block-group is-vertical is-layout-flex wp-container-core-group-is-layout-3505d962 wp-block-group-is-layout-flex\" style=\"min-height:6px;margin-top:0;margin-bottom:0;padding-top:0;padding-right:0;padding-bottom:0;padding-left:0\"><h2 style=\"font-size:clamp(14px, 0.875rem + ((1vw - 3.2px) * 0.078), 15px);line-height:1.6\" class=\"has-link-color wp-elements-23 wp-block-post-title has-text-color has-foreground-color\"><a href=\"https:\/\/lola.vueloiv.com\/ca\/refurbishment-les-rambles_barcelona\/\" target=\"_self\" >remodelaci\u00f3 de les rambles_barcelona<\/a><\/h2>\n\n<div class=\"has-link-color wp-elements-24 wp-block-post-excerpt has-text-color has-dark-gray-color\"><p class=\"wp-block-post-excerpt__excerpt\">El proper dilluns 3 d&#8217;octubre s&#8217;iniciaran les obres de transformaci\u00f3 de la Rambla de Barcelona a partir del tram Colom-Santa Madrona. <\/p><\/div><\/div>\n<\/div>\n\n<\/li><li class=\"wp-block-post post-5081 post type-post status-publish format-standard has-post-thumbnail hentry category-noticies\">\n\n<div class=\"wp-block-group is-nowrap is-layout-flex wp-container-core-group-is-layout-7d734f3b wp-block-group-is-layout-flex\" style=\"padding-top:0;padding-bottom:0\"><figure class=\"wp-block-post-featured-image wp-container-content-edf58e87 wp-states-73caa80d\"><a href=\"https:\/\/lola.vueloiv.com\/ca\/concurs-del-jardi-dels-jesuites_segon-premi\/\" target=\"_self\" ><img loading=\"lazy\" decoding=\"async\" width=\"2320\" height=\"1160\" src=\"https:\/\/lola.vueloiv.com\/wp-content\/uploads\/01-1.jpg\" class=\"attachment-full size-full wp-post-image\" alt=\"concurs del jard\u00ed dels jesu\u00eftes_segon premi\" style=\"aspect-ratio:3\/2;width:100%;height:222px;width:334px;object-fit:cover;\" srcset=\"https:\/\/lola.vueloiv.com\/wp-content\/uploads\/01-1.jpg 2320w, https:\/\/lola.vueloiv.com\/wp-content\/uploads\/01-1-300x150.jpg 300w, https:\/\/lola.vueloiv.com\/wp-content\/uploads\/01-1-1124x562.jpg 1124w, https:\/\/lola.vueloiv.com\/wp-content\/uploads\/01-1-150x75.jpg 150w, https:\/\/lola.vueloiv.com\/wp-content\/uploads\/01-1-768x384.jpg 768w, https:\/\/lola.vueloiv.com\/wp-content\/uploads\/01-1-1536x768.jpg 1536w, https:\/\/lola.vueloiv.com\/wp-content\/uploads\/01-1-2048x1024.jpg 2048w\" sizes=\"auto, (max-width: 2320px) 100vw, 2320px\" \/><\/a><\/figure>\n\n\n<div class=\"wp-block-group is-vertical is-layout-flex wp-container-core-group-is-layout-3505d962 wp-block-group-is-layout-flex\" style=\"min-height:6px;margin-top:0;margin-bottom:0;padding-top:0;padding-right:0;padding-bottom:0;padding-left:0\"><h2 style=\"font-size:clamp(14px, 0.875rem + ((1vw - 3.2px) * 0.078), 15px);line-height:1.6\" class=\"has-link-color wp-elements-25 wp-block-post-title has-text-color has-foreground-color\"><a href=\"https:\/\/lola.vueloiv.com\/ca\/concurs-del-jardi-dels-jesuites_segon-premi\/\" target=\"_self\" >concurs del jard\u00ed dels jesu\u00eftes_segon premi<\/a><\/h2>\n\n<div class=\"has-link-color wp-elements-26 wp-block-post-excerpt has-text-color has-dark-gray-color\"><p class=\"wp-block-post-excerpt__excerpt\">El jurat del concurs del Jard\u00ed dels Jesu\u00eftes valora la recreaci\u00f3 que la proposta fa de l&#8217;horta valenciana i les s\u00e9quies. L&#8217;acta del jurat&hellip; <\/p><\/div><\/div>\n<\/div>\n\n<\/li><li class=\"wp-block-post post-5065 post type-post status-publish format-standard has-post-thumbnail hentry category-noticias category-noticies\">\n\n<div class=\"wp-block-group is-nowrap is-layout-flex wp-container-core-group-is-layout-7d734f3b wp-block-group-is-layout-flex\" style=\"padding-top:0;padding-bottom:0\"><figure class=\"wp-block-post-featured-image wp-container-content-edf58e87 wp-states-73caa80d\"><a href=\"https:\/\/lola.vueloiv.com\/ca\/aprobacio-definitiva-del-projecte-de-les-rambles_barcelona\/\" target=\"_self\" ><img loading=\"lazy\" decoding=\"async\" width=\"1417\" height=\"833\" src=\"https:\/\/lola.vueloiv.com\/wp-content\/uploads\/detall-02.jpg\" class=\"attachment-full size-full wp-post-image\" alt=\"aprovaci\u00f3 definitiva del projecte de les rambles_barcelona\" style=\"aspect-ratio:3\/2;width:100%;height:222px;width:334px;object-fit:cover;\" srcset=\"https:\/\/lola.vueloiv.com\/wp-content\/uploads\/detall-02.jpg 1417w, https:\/\/lola.vueloiv.com\/wp-content\/uploads\/detall-02-300x176.jpg 300w, https:\/\/lola.vueloiv.com\/wp-content\/uploads\/detall-02-1124x661.jpg 1124w, https:\/\/lola.vueloiv.com\/wp-content\/uploads\/detall-02-150x88.jpg 150w, https:\/\/lola.vueloiv.com\/wp-content\/uploads\/detall-02-768x451.jpg 768w\" sizes=\"auto, (max-width: 1417px) 100vw, 1417px\" \/><\/a><\/figure>\n\n\n<div class=\"wp-block-group is-vertical is-layout-flex wp-container-core-group-is-layout-3505d962 wp-block-group-is-layout-flex\" style=\"min-height:6px;margin-top:0;margin-bottom:0;padding-top:0;padding-right:0;padding-bottom:0;padding-left:0\"><h2 style=\"font-size:clamp(14px, 0.875rem + ((1vw - 3.2px) * 0.078), 15px);line-height:1.6\" class=\"has-link-color wp-elements-27 wp-block-post-title has-text-color has-foreground-color\"><a href=\"https:\/\/lola.vueloiv.com\/ca\/aprobacio-definitiva-del-projecte-de-les-rambles_barcelona\/\" target=\"_self\" >aprovaci\u00f3 definitiva del projecte de les rambles_barcelona<\/a><\/h2>\n\n<div class=\"has-link-color wp-elements-28 wp-block-post-excerpt has-text-color has-dark-gray-color\"><p class=\"wp-block-post-excerpt__excerpt\">L&#8217;Ajuntament de Barcelona aprova definitivament el Projecte Executiu de remodelaci\u00f3 de les Rambles de Barcelona. L&#8217;execuci\u00f3 de la primera fase (Drassanes\/Colon) es preveu pel&hellip; <\/p><\/div><\/div>\n<\/div>\n\n<\/li><li class=\"wp-block-post post-4951 post type-post status-publish format-standard has-post-thumbnail hentry category-noticies\">\n\n<div class=\"wp-block-group is-nowrap is-layout-flex wp-container-core-group-is-layout-7d734f3b wp-block-group-is-layout-flex\" style=\"padding-top:0;padding-bottom:0\"><figure class=\"wp-block-post-featured-image wp-container-content-edf58e87 wp-states-73caa80d\"><a href=\"https:\/\/lola.vueloiv.com\/ca\/publicacion-landscape-architecture_built\/\" target=\"_self\" ><img loading=\"lazy\" decoding=\"async\" width=\"2320\" height=\"1160\" src=\"https:\/\/lola.vueloiv.com\/wp-content\/uploads\/collage.jpg\" class=\"attachment-full size-full wp-post-image\" alt=\"publicaci\u00f3 landscape architecture_built\" style=\"aspect-ratio:3\/2;width:100%;height:222px;width:334px;object-fit:cover;\" srcset=\"https:\/\/lola.vueloiv.com\/wp-content\/uploads\/collage.jpg 2320w, https:\/\/lola.vueloiv.com\/wp-content\/uploads\/collage-300x150.jpg 300w, https:\/\/lola.vueloiv.com\/wp-content\/uploads\/collage-1124x562.jpg 1124w, https:\/\/lola.vueloiv.com\/wp-content\/uploads\/collage-150x75.jpg 150w, https:\/\/lola.vueloiv.com\/wp-content\/uploads\/collage-768x384.jpg 768w, https:\/\/lola.vueloiv.com\/wp-content\/uploads\/collage-1536x768.jpg 1536w, https:\/\/lola.vueloiv.com\/wp-content\/uploads\/collage-2048x1024.jpg 2048w\" sizes=\"auto, (max-width: 2320px) 100vw, 2320px\" \/><\/a><\/figure>\n\n\n<div class=\"wp-block-group is-vertical is-layout-flex wp-container-core-group-is-layout-3505d962 wp-block-group-is-layout-flex\" style=\"min-height:6px;margin-top:0;margin-bottom:0;padding-top:0;padding-right:0;padding-bottom:0;padding-left:0\"><h2 style=\"font-size:clamp(14px, 0.875rem + ((1vw - 3.2px) * 0.078), 15px);line-height:1.6\" class=\"has-link-color wp-elements-29 wp-block-post-title has-text-color has-foreground-color\"><a href=\"https:\/\/lola.vueloiv.com\/ca\/publicacion-landscape-architecture_built\/\" target=\"_self\" >publicaci\u00f3 landscape architecture_built<\/a><\/h2>\n\n<div class=\"has-link-color wp-elements-30 wp-block-post-excerpt has-text-color has-dark-gray-color\"><p class=\"wp-block-post-excerpt__excerpt\">Publicaci\u00f3 de projectes de l&#8217;estudi de Lola Dom\u00e8nech en la web especialitzada Landscape Architecture_built. F\u00f2rum Rom\u00e0_Emp\u00faries\/ Psg St Joan_Bcn\/ Baluard Migdia_Bcn <\/p><\/div><\/div>\n<\/div>\n\n<\/li><li class=\"wp-block-post post-4923 post type-post status-publish format-standard has-post-thumbnail hentry category-noticies\">\n\n<div class=\"wp-block-group is-nowrap is-layout-flex wp-container-core-group-is-layout-7d734f3b wp-block-group-is-layout-flex\" style=\"padding-top:0;padding-bottom:0\"><figure class=\"wp-block-post-featured-image wp-container-content-edf58e87 wp-states-73caa80d\"><a href=\"https:\/\/lola.vueloiv.com\/ca\/el-passeig-de-sant-joan-es-el-segon-millor-carrer-del-mon\/\" target=\"_self\" ><img loading=\"lazy\" decoding=\"async\" width=\"2320\" height=\"1160\" src=\"https:\/\/lola.vueloiv.com\/wp-content\/uploads\/PSTJ2_01.jpg\" class=\"attachment-full size-full wp-post-image\" alt=\"time out: \u00abel passeig de sant joan \u00e9s el segon millor carrer del m\u00f3n\u00bb\" style=\"aspect-ratio:3\/2;width:100%;height:222px;width:334px;object-fit:cover;\" srcset=\"https:\/\/lola.vueloiv.com\/wp-content\/uploads\/PSTJ2_01.jpg 2320w, https:\/\/lola.vueloiv.com\/wp-content\/uploads\/PSTJ2_01-300x150.jpg 300w, https:\/\/lola.vueloiv.com\/wp-content\/uploads\/PSTJ2_01-1124x562.jpg 1124w, https:\/\/lola.vueloiv.com\/wp-content\/uploads\/PSTJ2_01-150x75.jpg 150w, https:\/\/lola.vueloiv.com\/wp-content\/uploads\/PSTJ2_01-768x384.jpg 768w, https:\/\/lola.vueloiv.com\/wp-content\/uploads\/PSTJ2_01-1536x768.jpg 1536w, https:\/\/lola.vueloiv.com\/wp-content\/uploads\/PSTJ2_01-2048x1024.jpg 2048w\" sizes=\"auto, (max-width: 2320px) 100vw, 2320px\" \/><\/a><\/figure>\n\n\n<div class=\"wp-block-group is-vertical is-layout-flex wp-container-core-group-is-layout-3505d962 wp-block-group-is-layout-flex\" style=\"min-height:6px;margin-top:0;margin-bottom:0;padding-top:0;padding-right:0;padding-bottom:0;padding-left:0\"><h2 style=\"font-size:clamp(14px, 0.875rem + ((1vw - 3.2px) * 0.078), 15px);line-height:1.6\" class=\"has-link-color wp-elements-31 wp-block-post-title has-text-color has-foreground-color\"><a href=\"https:\/\/lola.vueloiv.com\/ca\/el-passeig-de-sant-joan-es-el-segon-millor-carrer-del-mon\/\" target=\"_self\" >time out: \u00abel passeig de sant joan \u00e9s el segon millor carrer del m\u00f3n\u00bb<\/a><\/h2>\n\n<div class=\"has-link-color wp-elements-32 wp-block-post-excerpt has-text-color has-dark-gray-color\"><p class=\"wp-block-post-excerpt__excerpt\">Time Out International ha seleccionat Passeig de Sant Joan com el segon millor carrer del m\u00f3n on viure, nom\u00e9s per sota de la Smith&hellip; <\/p><\/div><\/div>\n<\/div>\n\n<\/li><li class=\"wp-block-post post-3142 post type-post status-publish format-standard has-post-thumbnail hentry category-noticies\">\n\n<div class=\"wp-block-group is-nowrap is-layout-flex wp-container-core-group-is-layout-7d734f3b wp-block-group-is-layout-flex\" style=\"padding-top:0;padding-bottom:0\"><figure class=\"wp-block-post-featured-image wp-container-content-edf58e87 wp-states-73caa80d\"><a href=\"https:\/\/lola.vueloiv.com\/ca\/remodelacio-de-la-rambla_bcn-2\/\" target=\"_self\" ><img loading=\"lazy\" decoding=\"async\" width=\"2320\" height=\"1160\" src=\"https:\/\/lola.vueloiv.com\/wp-content\/uploads\/rambles_featured.jpg\" class=\"attachment-full size-full wp-post-image\" alt=\"remodelaci\u00f3 de les rambles_barcelona\" style=\"aspect-ratio:3\/2;width:100%;height:222px;width:334px;object-fit:cover;\" srcset=\"https:\/\/lola.vueloiv.com\/wp-content\/uploads\/rambles_featured.jpg 2320w, https:\/\/lola.vueloiv.com\/wp-content\/uploads\/rambles_featured-300x150.jpg 300w, https:\/\/lola.vueloiv.com\/wp-content\/uploads\/rambles_featured-1124x562.jpg 1124w, https:\/\/lola.vueloiv.com\/wp-content\/uploads\/rambles_featured-150x75.jpg 150w, https:\/\/lola.vueloiv.com\/wp-content\/uploads\/rambles_featured-768x384.jpg 768w, https:\/\/lola.vueloiv.com\/wp-content\/uploads\/rambles_featured-1536x768.jpg 1536w, https:\/\/lola.vueloiv.com\/wp-content\/uploads\/rambles_featured-2048x1024.jpg 2048w\" sizes=\"auto, (max-width: 2320px) 100vw, 2320px\" \/><\/a><\/figure>\n\n\n<div class=\"wp-block-group is-vertical is-layout-flex wp-container-core-group-is-layout-3505d962 wp-block-group-is-layout-flex\" style=\"min-height:6px;margin-top:0;margin-bottom:0;padding-top:0;padding-right:0;padding-bottom:0;padding-left:0\"><h2 style=\"font-size:clamp(14px, 0.875rem + ((1vw - 3.2px) * 0.078), 15px);line-height:1.6\" class=\"has-link-color wp-elements-33 wp-block-post-title has-text-color has-foreground-color\"><a href=\"https:\/\/lola.vueloiv.com\/ca\/remodelacio-de-la-rambla_bcn-2\/\" target=\"_self\" >remodelaci\u00f3 de les rambles_barcelona<\/a><\/h2>\n\n<div class=\"has-link-color wp-elements-34 wp-block-post-excerpt has-text-color has-dark-gray-color\"><p class=\"wp-block-post-excerpt__excerpt\">L\u2019Ajuntament de Barcelona aprova inicialment el projecte executiu de remodelaci\u00f3 de Les Rambles redactat per l\u2019equip de km_ZERO\u00a0(16\/03\/2021) <\/p><\/div><\/div>\n<\/div>\n\n<\/li><li class=\"wp-block-post post-4157 post type-post status-publish format-standard has-post-thumbnail hentry category-noticies\">\n\n<div class=\"wp-block-group is-nowrap is-layout-flex wp-container-core-group-is-layout-7d734f3b wp-block-group-is-layout-flex\" style=\"padding-top:0;padding-bottom:0\"><figure class=\"wp-block-post-featured-image wp-container-content-edf58e87 wp-states-73caa80d\"><a href=\"https:\/\/lola.vueloiv.com\/ca\/residencial-building-four-friends\/\" target=\"_self\" ><img loading=\"lazy\" decoding=\"async\" width=\"2320\" height=\"1160\" src=\"https:\/\/lola.vueloiv.com\/wp-content\/uploads\/PJD_noticia.jpg\" class=\"attachment-full size-full wp-post-image\" alt=\"edifici d&#8217;habitatges per a 4 amics_barcelona\" style=\"aspect-ratio:3\/2;width:100%;height:222px;width:334px;object-fit:cover;\" srcset=\"https:\/\/lola.vueloiv.com\/wp-content\/uploads\/PJD_noticia.jpg 2320w, https:\/\/lola.vueloiv.com\/wp-content\/uploads\/PJD_noticia-300x150.jpg 300w, https:\/\/lola.vueloiv.com\/wp-content\/uploads\/PJD_noticia-1124x562.jpg 1124w, https:\/\/lola.vueloiv.com\/wp-content\/uploads\/PJD_noticia-150x75.jpg 150w, https:\/\/lola.vueloiv.com\/wp-content\/uploads\/PJD_noticia-768x384.jpg 768w, https:\/\/lola.vueloiv.com\/wp-content\/uploads\/PJD_noticia-1536x768.jpg 1536w, https:\/\/lola.vueloiv.com\/wp-content\/uploads\/PJD_noticia-2048x1024.jpg 2048w\" sizes=\"auto, (max-width: 2320px) 100vw, 2320px\" \/><\/a><\/figure>\n\n\n<div class=\"wp-block-group is-vertical is-layout-flex wp-container-core-group-is-layout-3505d962 wp-block-group-is-layout-flex\" style=\"min-height:6px;margin-top:0;margin-bottom:0;padding-top:0;padding-right:0;padding-bottom:0;padding-left:0\"><h2 style=\"font-size:clamp(14px, 0.875rem + ((1vw - 3.2px) * 0.078), 15px);line-height:1.6\" class=\"has-link-color wp-elements-35 wp-block-post-title has-text-color has-foreground-color\"><a href=\"https:\/\/lola.vueloiv.com\/ca\/residencial-building-four-friends\/\" target=\"_self\" >edifici d&#8217;habitatges per a 4 amics_barcelona<\/a><\/h2>\n\n<div class=\"has-link-color wp-elements-36 wp-block-post-excerpt has-text-color has-dark-gray-color\"><p class=\"wp-block-post-excerpt__excerpt\">2021_FINALISTA_BIENAL ESPA\u00d1OLA DE ARQUITECTURA Y URBANISMO XV 2020_FINALISTA_PREMIS CATALUNYA CONSTRUCCI\u00d3 2020_ FINALISTA_PREMIS FAD ARQUITECTURA 2019_PREMI TECHNAL_HABITAR 2019_SELECCIONAT_OPEN HOUSE 2019_FINALISTA_PREMIS CER\u00c0MICA <\/p><\/div><\/div>\n<\/div>\n\n<\/li><li class=\"wp-block-post post-3635 post type-post status-publish format-standard has-post-thumbnail hentry category-noticies\">\n\n<div class=\"wp-block-group is-nowrap is-layout-flex wp-container-core-group-is-layout-7d734f3b wp-block-group-is-layout-flex\" style=\"padding-top:0;padding-bottom:0\"><figure class=\"wp-block-post-featured-image wp-container-content-edf58e87 wp-states-73caa80d\"><a href=\"https:\/\/lola.vueloiv.com\/ca\/inauguration-memorial-rambles-2019\/\" target=\"_self\" ><img loading=\"lazy\" decoding=\"async\" width=\"870\" height=\"1160\" src=\"https:\/\/lola.vueloiv.com\/wp-content\/uploads\/MR_01.jpg\" class=\"attachment-full size-full wp-post-image\" alt=\"Inauguraci\u00f3 Memorial Rambles 2019\" style=\"aspect-ratio:3\/2;width:100%;height:222px;width:334px;object-fit:cover;\" srcset=\"https:\/\/lola.vueloiv.com\/wp-content\/uploads\/MR_01.jpg 870w, https:\/\/lola.vueloiv.com\/wp-content\/uploads\/MR_01-225x300.jpg 225w, https:\/\/lola.vueloiv.com\/wp-content\/uploads\/MR_01-113x150.jpg 113w, https:\/\/lola.vueloiv.com\/wp-content\/uploads\/MR_01-768x1024.jpg 768w\" sizes=\"auto, (max-width: 870px) 100vw, 870px\" \/><\/a><\/figure>\n\n\n<div class=\"wp-block-group is-vertical is-layout-flex wp-container-core-group-is-layout-3505d962 wp-block-group-is-layout-flex\" style=\"min-height:6px;margin-top:0;margin-bottom:0;padding-top:0;padding-right:0;padding-bottom:0;padding-left:0\"><h2 style=\"font-size:clamp(14px, 0.875rem + ((1vw - 3.2px) * 0.078), 15px);line-height:1.6\" class=\"has-link-color wp-elements-37 wp-block-post-title has-text-color has-foreground-color\"><a href=\"https:\/\/lola.vueloiv.com\/ca\/inauguration-memorial-rambles-2019\/\" target=\"_self\" >Inauguraci\u00f3 Memorial Rambles 2019<\/a><\/h2>\n\n<div class=\"has-link-color wp-elements-38 wp-block-post-excerpt has-text-color has-dark-gray-color\"><p class=\"wp-block-post-excerpt__excerpt\">El 04 de mar\u00e7 de 2019 s\u2019inaugura el Memorial Rambles en record a les v\u00edctimes de l\u2019atemptat del 17 d\u2019agost de 2017 <\/p><\/div><\/div>\n<\/div>\n\n<\/li><li class=\"wp-block-post post-2826 post type-post status-publish format-standard has-post-thumbnail hentry category-noticies\">\n\n<div class=\"wp-block-group is-nowrap is-layout-flex wp-container-core-group-is-layout-7d734f3b wp-block-group-is-layout-flex\" style=\"padding-top:0;padding-bottom:0\"><figure class=\"wp-block-post-featured-image wp-container-content-edf58e87 wp-states-73caa80d\"><a href=\"https:\/\/lola.vueloiv.com\/ca\/remodelacio-de-la-rambla_bcn\/\" target=\"_self\" ><img loading=\"lazy\" decoding=\"async\" width=\"2320\" height=\"1160\" src=\"https:\/\/lola.vueloiv.com\/wp-content\/uploads\/rambles.jpg\" class=\"attachment-full size-full wp-post-image\" alt=\"remodelaci\u00f3 de les rambles_barcelona\" style=\"aspect-ratio:3\/2;width:100%;height:222px;width:334px;object-fit:cover;\" srcset=\"https:\/\/lola.vueloiv.com\/wp-content\/uploads\/rambles.jpg 2320w, https:\/\/lola.vueloiv.com\/wp-content\/uploads\/rambles-300x150.jpg 300w, https:\/\/lola.vueloiv.com\/wp-content\/uploads\/rambles-1124x562.jpg 1124w, https:\/\/lola.vueloiv.com\/wp-content\/uploads\/rambles-150x75.jpg 150w, https:\/\/lola.vueloiv.com\/wp-content\/uploads\/rambles-768x384.jpg 768w, https:\/\/lola.vueloiv.com\/wp-content\/uploads\/rambles-1536x768.jpg 1536w, https:\/\/lola.vueloiv.com\/wp-content\/uploads\/rambles-2048x1024.jpg 2048w\" sizes=\"auto, (max-width: 2320px) 100vw, 2320px\" \/><\/a><\/figure>\n\n\n<div class=\"wp-block-group is-vertical is-layout-flex wp-container-core-group-is-layout-3505d962 wp-block-group-is-layout-flex\" style=\"min-height:6px;margin-top:0;margin-bottom:0;padding-top:0;padding-right:0;padding-bottom:0;padding-left:0\"><h2 style=\"font-size:clamp(14px, 0.875rem + ((1vw - 3.2px) * 0.078), 15px);line-height:1.6\" class=\"has-link-color wp-elements-39 wp-block-post-title has-text-color has-foreground-color\"><a href=\"https:\/\/lola.vueloiv.com\/ca\/remodelacio-de-la-rambla_bcn\/\" target=\"_self\" >remodelaci\u00f3 de les rambles_barcelona<\/a><\/h2>\n\n<div class=\"has-link-color wp-elements-40 wp-block-post-excerpt has-text-color has-dark-gray-color\"><p class=\"wp-block-post-excerpt__excerpt\">L\u2019equip km_ZERO guanya el concurs internacional de les Rambles de Barcelona (2017) <\/p><\/div><\/div>\n<\/div>\n\n<\/li><li class=\"wp-block-post post-2914 post type-post status-publish format-standard has-post-thumbnail hentry category-noticies\">\n\n<div class=\"wp-block-group is-nowrap is-layout-flex wp-container-core-group-is-layout-7d734f3b wp-block-group-is-layout-flex\" style=\"padding-top:0;padding-bottom:0\"><figure class=\"wp-block-post-featured-image wp-container-content-edf58e87 wp-states-73caa80d\"><a href=\"https:\/\/lola.vueloiv.com\/ca\/baluard-del-migdia_public-space\/\" target=\"_self\" ><img loading=\"lazy\" decoding=\"async\" width=\"2320\" height=\"1160\" src=\"https:\/\/lola.vueloiv.com\/wp-content\/uploads\/BLR_1.jpg\" class=\"attachment-full size-full wp-post-image\" alt=\"baluard del migdia_barcelona\" style=\"aspect-ratio:3\/2;width:100%;height:222px;width:334px;object-fit:cover;\" srcset=\"https:\/\/lola.vueloiv.com\/wp-content\/uploads\/BLR_1.jpg 2320w, https:\/\/lola.vueloiv.com\/wp-content\/uploads\/BLR_1-300x150.jpg 300w, https:\/\/lola.vueloiv.com\/wp-content\/uploads\/BLR_1-1124x562.jpg 1124w, https:\/\/lola.vueloiv.com\/wp-content\/uploads\/BLR_1-150x75.jpg 150w, https:\/\/lola.vueloiv.com\/wp-content\/uploads\/BLR_1-768x384.jpg 768w, https:\/\/lola.vueloiv.com\/wp-content\/uploads\/BLR_1-1536x768.jpg 1536w, https:\/\/lola.vueloiv.com\/wp-content\/uploads\/BLR_1-2048x1024.jpg 2048w\" sizes=\"auto, (max-width: 2320px) 100vw, 2320px\" \/><\/a><\/figure>\n\n\n<div class=\"wp-block-group is-vertical is-layout-flex wp-container-core-group-is-layout-3505d962 wp-block-group-is-layout-flex\" style=\"min-height:6px;margin-top:0;margin-bottom:0;padding-top:0;padding-right:0;padding-bottom:0;padding-left:0\"><h2 style=\"font-size:clamp(14px, 0.875rem + ((1vw - 3.2px) * 0.078), 15px);line-height:1.6\" class=\"has-link-color wp-elements-41 wp-block-post-title has-text-color has-foreground-color\"><a href=\"https:\/\/lola.vueloiv.com\/ca\/baluard-del-migdia_public-space\/\" target=\"_self\" >baluard del migdia_barcelona<\/a><\/h2>\n\n<div class=\"has-link-color wp-elements-42 wp-block-post-excerpt has-text-color has-dark-gray-color\"><p class=\"wp-block-post-excerpt__excerpt\">2017_FINALISTA_PREMIS CATALUNYA CONSTRUCCI\u00d3 \/ 2017_SELECCIONAT_PREMIS FAD \/ 2016_SELECCIONAT_IX BIENNAL INTERNACIONAL DEL PAISATGE <\/p><\/div><\/div>\n<\/div>\n\n<\/li><li class=\"wp-block-post post-2839 post type-post status-publish format-standard has-post-thumbnail hentry category-noticies\">\n\n<div class=\"wp-block-group is-nowrap is-layout-flex wp-container-core-group-is-layout-7d734f3b wp-block-group-is-layout-flex\" style=\"padding-top:0;padding-bottom:0\"><figure class=\"wp-block-post-featured-image wp-container-content-edf58e87 wp-states-73caa80d\"><a href=\"https:\/\/lola.vueloiv.com\/ca\/open-house-2017\/\" target=\"_self\" ><img loading=\"lazy\" decoding=\"async\" width=\"2320\" height=\"1160\" src=\"https:\/\/lola.vueloiv.com\/wp-content\/uploads\/GT_3-1.jpg\" class=\"attachment-full size-full wp-post-image\" alt=\"reforma d&#8217;habitatge_les corts\" style=\"aspect-ratio:3\/2;width:100%;height:222px;width:334px;object-fit:cover;\" srcset=\"https:\/\/lola.vueloiv.com\/wp-content\/uploads\/GT_3-1.jpg 2320w, https:\/\/lola.vueloiv.com\/wp-content\/uploads\/GT_3-1-300x150.jpg 300w, https:\/\/lola.vueloiv.com\/wp-content\/uploads\/GT_3-1-1124x562.jpg 1124w, https:\/\/lola.vueloiv.com\/wp-content\/uploads\/GT_3-1-150x75.jpg 150w, https:\/\/lola.vueloiv.com\/wp-content\/uploads\/GT_3-1-768x384.jpg 768w, https:\/\/lola.vueloiv.com\/wp-content\/uploads\/GT_3-1-1536x768.jpg 1536w, https:\/\/lola.vueloiv.com\/wp-content\/uploads\/GT_3-1-2048x1024.jpg 2048w\" sizes=\"auto, (max-width: 2320px) 100vw, 2320px\" \/><\/a><\/figure>\n\n\n<div class=\"wp-block-group is-vertical is-layout-flex wp-container-core-group-is-layout-3505d962 wp-block-group-is-layout-flex\" style=\"min-height:6px;margin-top:0;margin-bottom:0;padding-top:0;padding-right:0;padding-bottom:0;padding-left:0\"><h2 style=\"font-size:clamp(14px, 0.875rem + ((1vw - 3.2px) * 0.078), 15px);line-height:1.6\" class=\"has-link-color wp-elements-43 wp-block-post-title has-text-color has-foreground-color\"><a href=\"https:\/\/lola.vueloiv.com\/ca\/open-house-2017\/\" target=\"_self\" >reforma d&#8217;habitatge_les corts<\/a><\/h2>\n\n<div class=\"has-link-color wp-elements-44 wp-block-post-excerpt has-text-color has-dark-gray-color\"><p class=\"wp-block-post-excerpt__excerpt\">2017_SELECCIONAT OPEN HOUSE <\/p><\/div><\/div>\n<\/div>\n\n<\/li><\/ul>\n\n\n\n<\/div>\n<\/div>\n<\/div>\n","protected":false},"excerpt":{"rendered":"","protected":false},"author":1,"featured_media":0,"parent":0,"menu_order":0,"comment_status":"closed","ping_status":"closed","template":"","meta":{"_acf_changed":false,"footnotes":""},"class_list":["post-286","page","type-page","status-publish","hentry"],"acf":[],"yoast_head":"<!-- This site is optimized with the Yoast SEO plugin v28.3 - https:\/\/yoast.com\/product\/yoast-seo-wordpress\/ -->\n<title>not\u00edcies - Lola Dom\u00e8nech architect<\/title>\n<meta name=\"robots\" content=\"noindex, follow, max-snippet:-1, max-image-preview:large, max-video-preview:-1\" \/>\n<meta property=\"og:locale\" content=\"ca_ES\" \/>\n<meta property=\"og:type\" content=\"article\" \/>\n<meta property=\"og:title\" content=\"not\u00edcies - Lola Dom\u00e8nech architect\" \/>\n<meta property=\"og:url\" content=\"https:\/\/lola.vueloiv.com\/ca\/noticies\/\" \/>\n<meta property=\"og:site_name\" content=\"Lola Dom\u00e8nech architect\" \/>\n<meta property=\"article:modified_time\" content=\"2026-08-28T07:44:27+00:00\" \/>\n<meta name=\"twitter:card\" content=\"summary_large_image\" \/>\n<script type=\"application\/ld+json\" class=\"yoast-schema-graph\">{\"@context\":\"https:\\\/\\\/schema.org\",\"@graph\":[{\"@type\":\"WebPage\",\"@id\":\"https:\\\/\\\/lola.vueloiv.com\\\/ca\\\/noticies\\\/\",\"url\":\"https:\\\/\\\/lola.vueloiv.com\\\/ca\\\/noticies\\\/\",\"name\":\"not\u00edcies - Lola Dom\u00e8nech architect\",\"isPartOf\":{\"@id\":\"https:\\\/\\\/lola.vueloiv.com\\\/en\\\/#website\"},\"datePublished\":\"2017-11-10T12:01:21+00:00\",\"dateModified\":\"2026-08-28T07:44:27+00:00\",\"breadcrumb\":{\"@id\":\"https:\\\/\\\/lola.vueloiv.com\\\/ca\\\/noticies\\\/#breadcrumb\"},\"inLanguage\":\"ca\",\"potentialAction\":[{\"@type\":\"ReadAction\",\"target\":[\"https:\\\/\\\/lola.vueloiv.com\\\/ca\\\/noticies\\\/\"]}]},{\"@type\":\"BreadcrumbList\",\"@id\":\"https:\\\/\\\/lola.vueloiv.com\\\/ca\\\/noticies\\\/#breadcrumb\",\"itemListElement\":[{\"@type\":\"ListItem\",\"position\":1,\"name\":\"Home\",\"item\":\"https:\\\/\\\/lola.vueloiv.com\\\/ca\\\/\"},{\"@type\":\"ListItem\",\"position\":2,\"name\":\"not\u00edcies\"}]},{\"@type\":\"WebSite\",\"@id\":\"https:\\\/\\\/lola.vueloiv.com\\\/en\\\/#website\",\"url\":\"https:\\\/\\\/lola.vueloiv.com\\\/en\\\/\",\"name\":\"Lola Dom\u00e8nech architect\",\"description\":\"\",\"publisher\":{\"@id\":\"https:\\\/\\\/lola.vueloiv.com\\\/en\\\/#organization\"},\"potentialAction\":[{\"@type\":\"SearchAction\",\"target\":{\"@type\":\"EntryPoint\",\"urlTemplate\":\"https:\\\/\\\/lola.vueloiv.com\\\/en\\\/?s={search_term_string}\"},\"query-input\":{\"@type\":\"PropertyValueSpecification\",\"valueRequired\":true,\"valueName\":\"search_term_string\"}}],\"inLanguage\":\"ca\"},{\"@type\":\"Organization\",\"@id\":\"https:\\\/\\\/lola.vueloiv.com\\\/en\\\/#organization\",\"name\":\"Lola Dom\u00e8nech architect\",\"url\":\"https:\\\/\\\/lola.vueloiv.com\\\/en\\\/\",\"logo\":{\"@type\":\"ImageObject\",\"inLanguage\":\"ca\",\"@id\":\"https:\\\/\\\/lola.vueloiv.com\\\/en\\\/#\\\/schema\\\/logo\\\/image\\\/\",\"url\":\"https:\\\/\\\/lola.vueloiv.com\\\/wp-content\\\/uploads\\\/2026\\\/08\\\/favicon.png\",\"contentUrl\":\"https:\\\/\\\/lola.vueloiv.com\\\/wp-content\\\/uploads\\\/2026\\\/08\\\/favicon.png\",\"width\":558,\"height\":512,\"caption\":\"Lola Dom\u00e8nech architect\"},\"image\":{\"@id\":\"https:\\\/\\\/lola.vueloiv.com\\\/en\\\/#\\\/schema\\\/logo\\\/image\\\/\"}}]}<\/script>\n<!-- \/ Yoast SEO plugin. -->","yoast_head_json":{"title":"not\u00edcies - Lola Dom\u00e8nech architect","robots":{"index":"noindex","follow":"follow","max-snippet":"max-snippet:-1","max-image-preview":"max-image-preview:large","max-video-preview":"max-video-preview:-1"},"og_locale":"ca_ES","og_type":"article","og_title":"not\u00edcies - Lola Dom\u00e8nech architect","og_url":"https:\/\/lola.vueloiv.com\/ca\/noticies\/","og_site_name":"Lola Dom\u00e8nech architect","article_modified_time":"2026-08-28T07:44:27+00:00","twitter_card":"summary_large_image","schema":{"@context":"https:\/\/schema.org","@graph":[{"@type":"WebPage","@id":"https:\/\/lola.vueloiv.com\/ca\/noticies\/","url":"https:\/\/lola.vueloiv.com\/ca\/noticies\/","name":"not\u00edcies - Lola Dom\u00e8nech architect","isPartOf":{"@id":"https:\/\/lola.vueloiv.com\/en\/#website"},"datePublished":"2017-11-10T12:01:21+00:00","dateModified":"2026-08-28T07:44:27+00:00","breadcrumb":{"@id":"https:\/\/lola.vueloiv.com\/ca\/noticies\/#breadcrumb"},"inLanguage":"ca","potentialAction":[{"@type":"ReadAction","target":["https:\/\/lola.vueloiv.com\/ca\/noticies\/"]}]},{"@type":"BreadcrumbList","@id":"https:\/\/lola.vueloiv.com\/ca\/noticies\/#breadcrumb","itemListElement":[{"@type":"ListItem","position":1,"name":"Home","item":"https:\/\/lola.vueloiv.com\/ca\/"},{"@type":"ListItem","position":2,"name":"not\u00edcies"}]},{"@type":"WebSite","@id":"https:\/\/lola.vueloiv.com\/en\/#website","url":"https:\/\/lola.vueloiv.com\/en\/","name":"Lola Dom\u00e8nech architect","description":"","publisher":{"@id":"https:\/\/lola.vueloiv.com\/en\/#organization"},"potentialAction":[{"@type":"SearchAction","target":{"@type":"EntryPoint","urlTemplate":"https:\/\/lola.vueloiv.com\/en\/?s={search_term_string}"},"query-input":{"@type":"PropertyValueSpecification","valueRequired":true,"valueName":"search_term_string"}}],"inLanguage":"ca"},{"@type":"Organization","@id":"https:\/\/lola.vueloiv.com\/en\/#organization","name":"Lola Dom\u00e8nech architect","url":"https:\/\/lola.vueloiv.com\/en\/","logo":{"@type":"ImageObject","inLanguage":"ca","@id":"https:\/\/lola.vueloiv.com\/en\/#\/schema\/logo\/image\/","url":"https:\/\/lola.vueloiv.com\/wp-content\/uploads\/2026\/08\/favicon.png","contentUrl":"https:\/\/lola.vueloiv.com\/wp-content\/uploads\/2026\/08\/favicon.png","width":558,"height":512,"caption":"Lola Dom\u00e8nech architect"},"image":{"@id":"https:\/\/lola.vueloiv.com\/en\/#\/schema\/logo\/image\/"}}]}},"_links":{"self":[{"href":"https:\/\/lola.vueloiv.com\/ca\/wp-json\/wp\/v2\/pages\/286","targetHints":{"allow":["GET"]}}],"collection":[{"href":"https:\/\/lola.vueloiv.com\/ca\/wp-json\/wp\/v2\/pages"}],"about":[{"href":"https:\/\/lola.vueloiv.com\/ca\/wp-json\/wp\/v2\/types\/page"}],"author":[{"embeddable":true,"href":"https:\/\/lola.vueloiv.com\/ca\/wp-json\/wp\/v2\/users\/1"}],"replies":[{"embeddable":true,"href":"https:\/\/lola.vueloiv.com\/ca\/wp-json\/wp\/v2\/comments?post=286"}],"version-history":[{"count":3,"href":"https:\/\/lola.vueloiv.com\/ca\/wp-json\/wp\/v2\/pages\/286\/revisions"}],"predecessor-version":[{"id":7332,"href":"https:\/\/lola.vueloiv.com\/ca\/wp-json\/wp\/v2\/pages\/286\/revisions\/7332"}],"wp:attachment":[{"href":"https:\/\/lola.vueloiv.com\/ca\/wp-json\/wp\/v2\/media?parent=286"}],"curies":[{"name":"wp","href":"https:\/\/api.w.org\/{rel}","templated":true}]}}